{"id":26,"date":"2018-11-27T09:16:54","date_gmt":"2018-11-27T09:16:54","guid":{"rendered":"https:\/\/www.neoconsulting-projets2.fr\/home\/"},"modified":"2026-06-21T11:34:15","modified_gmt":"2026-06-21T09:34:15","slug":"pays-basque-experience","status":"publish","type":"page","link":"https:\/\/www.pays-basque-experience.com\/en\/","title":{"rendered":"Pays Basque Exp\u00e9rience\u00a0: Randonn\u00e9es 4&#215;4 au Pays Basque"},"content":{"rendered":"<div data-elementor-type=\"wp-page\" data-elementor-id=\"26\" class=\"elementor elementor-26\" data-elementor-post-type=\"page\">\n\t\t\t\t\t\t<section class=\"elementor-section elementor-top-section elementor-element elementor-element-c50838b elementor-section-boxed elementor-section-height-default elementor-section-height-default\" data-id=\"c50838b\" data-element_type=\"section\" data-e-type=\"section\" data-settings=\"{&quot;background_background&quot;:&quot;classic&quot;}\">\n\t\t\t\t\t\t\t<div class=\"elementor-background-overlay\"><\/div>\n\t\t\t\t\t\t\t<div class=\"elementor-container elementor-column-gap-default\">\n\t\t\t\t\t<div class=\"elementor-column elementor-col-100 elementor-top-column elementor-element elementor-element-55b0429\" data-id=\"55b0429\" data-element_type=\"column\" data-e-type=\"column\">\n\t\t\t<div class=\"elementor-widget-wrap elementor-element-populated\">\n\t\t\t\t\t\t<div class=\"elementor-element elementor-element-3428592 elementor-widget elementor-widget-heading\" data-id=\"3428592\" data-element_type=\"widget\" data-e-type=\"widget\" data-widget_type=\"heading.default\">\n\t\t\t\t<div class=\"elementor-widget-container\">\n\t\t\t\t\t<h3 class=\"elementor-heading-title elementor-size-default\">Une mani\u00e8re unique d'explorer le Pays Basque<\/h3>\t\t\t\t<\/div>\n\t\t\t\t<\/div>\n\t\t\t\t<div class=\"elementor-element elementor-element-92570e2 elementor-widget-divider--view-line elementor-widget elementor-widget-divider\" data-id=\"92570e2\" data-element_type=\"widget\" data-e-type=\"widget\" data-widget_type=\"divider.default\">\n\t\t\t\t<div class=\"elementor-widget-container\">\n\t\t\t\t\t\t\t<div class=\"elementor-divider\">\n\t\t\t<span class=\"elementor-divider-separator\">\n\t\t\t\t\t\t<\/span>\n\t\t<\/div>\n\t\t\t\t\t\t<\/div>\n\t\t\t\t<\/div>\n\t\t\t\t<div class=\"elementor-element elementor-element-453e782 elementor-widget elementor-widget-heading\" data-id=\"453e782\" data-element_type=\"widget\" data-e-type=\"widget\" data-widget_type=\"heading.default\">\n\t\t\t\t<div class=\"elementor-widget-container\">\n\t\t\t\t\t<h1 class=\"elementor-heading-title elementor-size-default\">Randonn\u00e9es en 4x4 au Pays Basque<\/h1>\t\t\t\t<\/div>\n\t\t\t\t<\/div>\n\t\t\t\t<div class=\"elementor-element elementor-element-6d0d9cb elementor-align-center elementor-widget elementor-widget-button\" data-id=\"6d0d9cb\" data-element_type=\"widget\" data-e-type=\"widget\" data-widget_type=\"button.default\">\n\t\t\t\t<div class=\"elementor-widget-container\">\n\t\t\t\t\t\t\t\t\t<div class=\"elementor-button-wrapper\">\n\t\t\t\t\t<a class=\"elementor-button elementor-button-link elementor-size-sm\" href=\"https:\/\/www.pays-basque-experience.com\/en\/les-groupes\/prochaines-dates\/\">\n\t\t\t\t\t\t<span class=\"elementor-button-content-wrapper\">\n\t\t\t\t\t\t\t\t\t<span class=\"elementor-button-text\">D\u00e9couvrez<\/span>\n\t\t\t\t\t<\/span>\n\t\t\t\t\t<\/a>\n\t\t\t\t<\/div>\n\t\t\t\t\t\t\t\t<\/div>\n\t\t\t\t<\/div>\n\t\t\t\t\t<\/div>\n\t\t<\/div>\n\t\t\t\t\t<\/div>\n\t\t<\/section>\n\t\t\t\t<section class=\"elementor-section elementor-top-section elementor-element elementor-element-1567770 elementor-section-boxed elementor-section-height-default elementor-section-height-default\" data-id=\"1567770\" data-element_type=\"section\" data-e-type=\"section\">\n\t\t\t\t\t\t<div class=\"elementor-container elementor-column-gap-default\">\n\t\t\t\t\t<div class=\"elementor-column elementor-col-100 elementor-top-column elementor-element elementor-element-83a524f\" data-id=\"83a524f\" data-element_type=\"column\" data-e-type=\"column\">\n\t\t\t<div class=\"elementor-widget-wrap elementor-element-populated\">\n\t\t\t\t\t\t<div class=\"elementor-element elementor-element-4ad90c9 elementor-widget elementor-widget-heading\" data-id=\"4ad90c9\" data-element_type=\"widget\" data-e-type=\"widget\" data-widget_type=\"heading.default\">\n\t\t\t\t<div class=\"elementor-widget-container\">\n\t\t\t\t\t<h2 class=\"elementor-heading-title elementor-size-default\">Les exp\u00e9riences possibles<\/h2>\t\t\t\t<\/div>\n\t\t\t\t<\/div>\n\t\t\t\t<div class=\"elementor-element elementor-element-154608a elementor-widget-divider--view-line elementor-widget elementor-widget-divider\" data-id=\"154608a\" data-element_type=\"widget\" data-e-type=\"widget\" data-widget_type=\"divider.default\">\n\t\t\t\t<div class=\"elementor-widget-container\">\n\t\t\t\t\t\t\t<div class=\"elementor-divider\">\n\t\t\t<span class=\"elementor-divider-separator\">\n\t\t\t\t\t\t<\/span>\n\t\t<\/div>\n\t\t\t\t\t\t<\/div>\n\t\t\t\t<\/div>\n\t\t\t\t\t<\/div>\n\t\t<\/div>\n\t\t\t\t\t<\/div>\n\t\t<\/section>\n\t\t\t\t<section class=\"elementor-section elementor-top-section elementor-element elementor-element-9101853 elementor-section-boxed elementor-section-height-default elementor-section-height-default\" data-id=\"9101853\" data-element_type=\"section\" data-e-type=\"section\">\n\t\t\t\t\t\t<div class=\"elementor-container elementor-column-gap-default\">\n\t\t\t\t\t<div class=\"elementor-column elementor-col-50 elementor-top-column elementor-element elementor-element-ec7bf21\" data-id=\"ec7bf21\" data-element_type=\"column\" data-e-type=\"column\">\n\t\t\t<div class=\"elementor-widget-wrap elementor-element-populated\">\n\t\t\t\t\t\t<div class=\"elementor-element elementor-element-b798416 elementor-cta--layout-image-above elementor-cta--valign-top elementor-cta--skin-classic elementor-animated-content elementor-bg-transform elementor-bg-transform-zoom-in elementor-widget elementor-widget-call-to-action\" data-id=\"b798416\" data-element_type=\"widget\" data-e-type=\"widget\" data-widget_type=\"call-to-action.default\">\n\t\t\t\t<div class=\"elementor-widget-container\">\n\t\t\t\t\t\t\t<div class=\"elementor-cta\">\n\t\t\t\t\t<div class=\"elementor-cta__bg-wrapper\">\n\t\t\t\t<div class=\"elementor-cta__bg elementor-bg\" style=\"background-image: url(https:\/\/www.pays-basque-experience.com\/wp-content\/uploads\/2024\/11\/14.png);\" role=\"img\" aria-label=\"activit\u00e9 insolite pays basque 4x4\"><\/div>\n\t\t\t\t<div class=\"elementor-cta__bg-overlay\"><\/div>\n\t\t\t<\/div>\n\t\t\t\t\t\t\t<div class=\"elementor-cta__content\">\n\t\t\t\t\n\t\t\t\t\t\t\t\t\t<h3 class=\"elementor-cta__title elementor-cta__content-item elementor-content-item\">\n\t\t\t\t\t\tGroupes et s\u00e9minaires en 4x4\t\t\t\t\t<\/h3>\n\t\t\t\t\n\t\t\t\t\t\t\t\t\t<div class=\"elementor-cta__description elementor-cta__content-item elementor-content-item\">\n\t\t\t\t\t\tNos guides embarquent les groupes de 8 \u00e0 110 personnes pour une aventure unique guid\u00e9e, comment\u00e9e et organis\u00e9e sur mesure pour vous. 22 v\u00e9hicules 4\u00d74 vous attendent.\t\t\t\t\t<\/div>\n\t\t\t\t\n\t\t\t\t\t\t\t\t\t<div class=\"elementor-cta__button-wrapper elementor-cta__content-item elementor-content-item\">\n\t\t\t\t\t<a class=\"elementor-cta__button elementor-button elementor-size-\" href=\"https:\/\/www.pays-basque-experience.com\/en\/les-groupes\/groupe-seminaire-2\/\">\n\t\t\t\t\t\tD\u00e9couvrez\t\t\t\t\t<\/a>\n\t\t\t\t\t<\/div>\n\t\t\t\t\t\t\t<\/div>\n\t\t\t\t\t\t<\/div>\n\t\t\t\t\t\t<\/div>\n\t\t\t\t<\/div>\n\t\t\t\t\t<\/div>\n\t\t<\/div>\n\t\t\t\t<div class=\"elementor-column elementor-col-50 elementor-top-column elementor-element elementor-element-9973d7f\" data-id=\"9973d7f\" data-element_type=\"column\" data-e-type=\"column\">\n\t\t\t<div class=\"elementor-widget-wrap elementor-element-populated\">\n\t\t\t\t\t\t<div class=\"elementor-element elementor-element-9daa938 elementor-cta--skin-classic elementor-animated-content elementor-bg-transform elementor-bg-transform-zoom-in elementor-widget elementor-widget-call-to-action\" data-id=\"9daa938\" data-element_type=\"widget\" data-e-type=\"widget\" data-widget_type=\"call-to-action.default\">\n\t\t\t\t<div class=\"elementor-widget-container\">\n\t\t\t\t\t\t\t<div class=\"elementor-cta\">\n\t\t\t\t\t<div class=\"elementor-cta__bg-wrapper\">\n\t\t\t\t<div class=\"elementor-cta__bg elementor-bg\" style=\"background-image: url(https:\/\/www.pays-basque-experience.com\/wp-content\/uploads\/2024\/11\/5.png);\" role=\"img\" aria-label=\"5\"><\/div>\n\t\t\t\t<div class=\"elementor-cta__bg-overlay\"><\/div>\n\t\t\t<\/div>\n\t\t\t\t\t\t\t<div class=\"elementor-cta__content\">\n\t\t\t\t\n\t\t\t\t\t\t\t\t\t<h3 class=\"elementor-cta__title elementor-cta__content-item elementor-content-item\">\n\t\t\t\t\t\tExcursions pour particuliers\t\t\t\t\t<\/h3>\n\t\t\t\t\n\t\t\t\t\t\t\t\t\t<div class=\"elementor-cta__description elementor-cta__content-item elementor-content-item\">\n\t\t\t\t\t\tPartez \u00e0 l'aventure avec nos 4x4 et nos guides. Une excursion in\u00e9dite \u00e0 la d\u00e9couverte du Pays Basque vous attend. Cette aventure est id\u00e9ale en famille ou entre amis.\t\t\t\t\t<\/div>\n\t\t\t\t\n\t\t\t\t\t\t\t\t\t<div class=\"elementor-cta__button-wrapper elementor-cta__content-item elementor-content-item\">\n\t\t\t\t\t<a class=\"elementor-cta__button elementor-button elementor-size-\" href=\"https:\/\/www.pays-basque-experience.com\/en\/les-randonnees\/\">\n\t\t\t\t\t\tD\u00e9couvrez\t\t\t\t\t<\/a>\n\t\t\t\t\t<\/div>\n\t\t\t\t\t\t\t<\/div>\n\t\t\t\t\t\t<\/div>\n\t\t\t\t\t\t<\/div>\n\t\t\t\t<\/div>\n\t\t\t\t\t<\/div>\n\t\t<\/div>\n\t\t\t\t\t<\/div>\n\t\t<\/section>\n\t\t\t\t<section class=\"elementor-section elementor-top-section elementor-element elementor-element-0261287 elementor-section-boxed elementor-section-height-default elementor-section-height-default\" data-id=\"0261287\" data-element_type=\"section\" data-e-type=\"section\">\n\t\t\t\t\t\t<div class=\"elementor-container elementor-column-gap-default\">\n\t\t\t\t\t<div class=\"elementor-column elementor-col-50 elementor-top-column elementor-element elementor-element-edf2595\" data-id=\"edf2595\" data-element_type=\"column\" data-e-type=\"column\">\n\t\t\t<div class=\"elementor-widget-wrap elementor-element-populated\">\n\t\t\t\t\t\t<div class=\"elementor-element elementor-element-ed90b2c elementor-cta--skin-classic elementor-animated-content elementor-bg-transform elementor-bg-transform-zoom-in elementor-widget elementor-widget-call-to-action\" data-id=\"ed90b2c\" data-element_type=\"widget\" data-e-type=\"widget\" data-widget_type=\"call-to-action.default\">\n\t\t\t\t<div class=\"elementor-widget-container\">\n\t\t\t\t\t\t\t<div class=\"elementor-cta\">\n\t\t\t\t\t<div class=\"elementor-cta__bg-wrapper\">\n\t\t\t\t<div class=\"elementor-cta__bg elementor-bg\" style=\"background-image: url(https:\/\/www.pays-basque-experience.com\/wp-content\/uploads\/2024\/11\/9.png);\" role=\"img\" aria-label=\"9\"><\/div>\n\t\t\t\t<div class=\"elementor-cta__bg-overlay\"><\/div>\n\t\t\t<\/div>\n\t\t\t\t\t\t\t<div class=\"elementor-cta__content\">\n\t\t\t\t\n\t\t\t\t\t\t\t\t\t<h3 class=\"elementor-cta__title elementor-cta__content-item elementor-content-item\">\n\t\t\t\t\t\tGroupes et S\u00e9minaires en 4L\t\t\t\t\t<\/h3>\n\t\t\t\t\n\t\t\t\t\t\t\t\t\t<div class=\"elementor-cta__description elementor-cta__content-item elementor-content-item\">\n\t\t\t\t\t\tPrenez le volant de nos Renault 4L, suivez nos guides et d\u00e9couvrez les plus beaux villages et paysages du Pays Basque \u00e0 leur bord. Une excursion in\u00e9dite en France vous attend.\t\t\t\t\t<\/div>\n\t\t\t\t\n\t\t\t\t\t\t\t\t\t<div class=\"elementor-cta__button-wrapper elementor-cta__content-item elementor-content-item\">\n\t\t\t\t\t<a class=\"elementor-cta__button elementor-button elementor-size-\" href=\"https:\/\/pays-basque-experience-4l.com\/seminaire\/\">\n\t\t\t\t\t\tD\u00e9couvrez\t\t\t\t\t<\/a>\n\t\t\t\t\t<\/div>\n\t\t\t\t\t\t\t<\/div>\n\t\t\t\t\t\t<\/div>\n\t\t\t\t\t\t<\/div>\n\t\t\t\t<\/div>\n\t\t\t\t\t<\/div>\n\t\t<\/div>\n\t\t\t\t<div class=\"elementor-column elementor-col-50 elementor-top-column elementor-element elementor-element-863b84e\" data-id=\"863b84e\" data-element_type=\"column\" data-e-type=\"column\">\n\t\t\t<div class=\"elementor-widget-wrap elementor-element-populated\">\n\t\t\t\t\t\t<div class=\"elementor-element elementor-element-6dd65af elementor-cta--skin-classic elementor-animated-content elementor-bg-transform elementor-bg-transform-zoom-in elementor-widget elementor-widget-call-to-action\" data-id=\"6dd65af\" data-element_type=\"widget\" data-e-type=\"widget\" data-widget_type=\"call-to-action.default\">\n\t\t\t\t<div class=\"elementor-widget-container\">\n\t\t\t\t\t\t\t<div class=\"elementor-cta\">\n\t\t\t\t\t<div class=\"elementor-cta__bg-wrapper\">\n\t\t\t\t<div class=\"elementor-cta__bg elementor-bg\" style=\"background-image: url(https:\/\/www.pays-basque-experience.com\/wp-content\/uploads\/2024\/11\/8.png);\" role=\"img\" aria-label=\"8\"><\/div>\n\t\t\t\t<div class=\"elementor-cta__bg-overlay\"><\/div>\n\t\t\t<\/div>\n\t\t\t\t\t\t\t<div class=\"elementor-cta__content\">\n\t\t\t\t\n\t\t\t\t\t\t\t\t\t<h3 class=\"elementor-cta__title elementor-cta__content-item elementor-content-item\">\n\t\t\t\t\t\tFormations en 4x4\t\t\t\t\t<\/h3>\n\t\t\t\t\n\t\t\t\t\t\t\t\t\t<div class=\"elementor-cta__description elementor-cta__content-item elementor-content-item\">\n\t\t\t\t\t\tQue ce soit pour un Rallye ou pour vous former personnellement, Pays Basque Experience&nbsp;vous propose des stages de formation avec ou sans location de v\u00e9hicule.\t\t\t\t\t<\/div>\n\t\t\t\t\n\t\t\t\t\t\t\t\t\t<div class=\"elementor-cta__button-wrapper elementor-cta__content-item elementor-content-item\">\n\t\t\t\t\t<a class=\"elementor-cta__button elementor-button elementor-size-\" href=\"https:\/\/www.pays-basque-experience.com\/en\/formations-pilotage-en-4x4\/\">\n\t\t\t\t\t\tD\u00e9couvrez\t\t\t\t\t<\/a>\n\t\t\t\t\t<\/div>\n\t\t\t\t\t\t\t<\/div>\n\t\t\t\t\t\t<\/div>\n\t\t\t\t\t\t<\/div>\n\t\t\t\t<\/div>\n\t\t\t\t\t<\/div>\n\t\t<\/div>\n\t\t\t\t\t<\/div>\n\t\t<\/section>\n\t\t\t\t<section class=\"elementor-section elementor-top-section elementor-element elementor-element-352ae51 elementor-section-boxed elementor-section-height-default elementor-section-height-default\" data-id=\"352ae51\" data-element_type=\"section\" data-e-type=\"section\">\n\t\t\t\t\t\t<div class=\"elementor-container elementor-column-gap-default\">\n\t\t\t\t\t<div class=\"elementor-column elementor-col-100 elementor-top-column elementor-element elementor-element-d8fb448\" data-id=\"d8fb448\" data-element_type=\"column\" data-e-type=\"column\">\n\t\t\t<div class=\"elementor-widget-wrap elementor-element-populated\">\n\t\t\t\t\t\t<div class=\"elementor-element elementor-element-d0e5878 elementor-widget elementor-widget-spacer\" data-id=\"d0e5878\" data-element_type=\"widget\" data-e-type=\"widget\" data-widget_type=\"spacer.default\">\n\t\t\t\t<div class=\"elementor-widget-container\">\n\t\t\t\t\t\t\t<div class=\"elementor-spacer\">\n\t\t\t<div class=\"elementor-spacer-inner\"><\/div>\n\t\t<\/div>\n\t\t\t\t\t\t<\/div>\n\t\t\t\t<\/div>\n\t\t\t\t\t<\/div>\n\t\t<\/div>\n\t\t\t\t\t<\/div>\n\t\t<\/section>\n\t\t\t\t<section class=\"elementor-section elementor-top-section elementor-element elementor-element-b338b51 elementor-section-boxed elementor-section-height-default elementor-section-height-default\" data-id=\"b338b51\" data-element_type=\"section\" data-e-type=\"section\" data-settings=\"{&quot;background_background&quot;:&quot;classic&quot;}\">\n\t\t\t\t\t\t\t<div class=\"elementor-background-overlay\"><\/div>\n\t\t\t\t\t\t\t<div class=\"elementor-container elementor-column-gap-default\">\n\t\t\t\t\t<div class=\"elementor-column elementor-col-50 elementor-top-column elementor-element elementor-element-59b9b0d\" data-id=\"59b9b0d\" data-element_type=\"column\" data-e-type=\"column\">\n\t\t\t<div class=\"elementor-widget-wrap elementor-element-populated\">\n\t\t\t\t\t\t\t<\/div>\n\t\t<\/div>\n\t\t\t\t<div class=\"elementor-column elementor-col-50 elementor-top-column elementor-element elementor-element-9776963\" data-id=\"9776963\" data-element_type=\"column\" data-e-type=\"column\">\n\t\t\t<div class=\"elementor-widget-wrap elementor-element-populated\">\n\t\t\t\t\t\t<div class=\"elementor-element elementor-element-575a35d elementor-widget elementor-widget-heading\" data-id=\"575a35d\" data-element_type=\"widget\" data-e-type=\"widget\" data-widget_type=\"heading.default\">\n\t\t\t\t<div class=\"elementor-widget-container\">\n\t\t\t\t\t<h2 class=\"elementor-heading-title elementor-size-default\">FORMEZ-VOUS POUR LE PROCHAIN RALLYE ROSES DES SABLES<\/h2>\t\t\t\t<\/div>\n\t\t\t\t<\/div>\n\t\t\t\t<div class=\"elementor-element elementor-element-88c5bd9 elementor-widget elementor-widget-text-editor\" data-id=\"88c5bd9\" data-element_type=\"widget\" data-e-type=\"widget\" data-widget_type=\"text-editor.default\">\n\t\t\t\t<div class=\"elementor-widget-container\">\n\t\t\t\t\t\t\t\t\t<p><span style=\"color: #ffffff;\">Depuis plus de 10 ans notre \u00e9quipe forme les teams de ce Rallye f\u00e9minin d&#8217;exception.<\/span><\/p>\t\t\t\t\t\t\t\t<\/div>\n\t\t\t\t<\/div>\n\t\t\t\t<div class=\"elementor-element elementor-element-cf030da elementor-widget elementor-widget-button\" data-id=\"cf030da\" data-element_type=\"widget\" data-e-type=\"widget\" data-widget_type=\"button.default\">\n\t\t\t\t<div class=\"elementor-widget-container\">\n\t\t\t\t\t\t\t\t\t<div class=\"elementor-button-wrapper\">\n\t\t\t\t\t<a class=\"elementor-button elementor-button-link elementor-size-sm\" href=\"https:\/\/www.pays-basque-experience.com\/en\/formations-pilotage-en-4x4\/formation-rallye-roses-des-sables\/\">\n\t\t\t\t\t\t<span class=\"elementor-button-content-wrapper\">\n\t\t\t\t\t\t\t\t\t<span class=\"elementor-button-text\">D\u00e9couvrez les dates <\/span>\n\t\t\t\t\t<\/span>\n\t\t\t\t\t<\/a>\n\t\t\t\t<\/div>\n\t\t\t\t\t\t\t\t<\/div>\n\t\t\t\t<\/div>\n\t\t\t\t\t<\/div>\n\t\t<\/div>\n\t\t\t\t\t<\/div>\n\t\t<\/section>\n\t\t\t\t<section class=\"elementor-section elementor-top-section elementor-element elementor-element-2889ad7 elementor-section-boxed elementor-section-height-default elementor-section-height-default\" data-id=\"2889ad7\" data-element_type=\"section\" data-e-type=\"section\">\n\t\t\t\t\t\t<div class=\"elementor-container elementor-column-gap-default\">\n\t\t\t\t\t<div class=\"elementor-column elementor-col-100 elementor-top-column elementor-element elementor-element-9182b6b\" data-id=\"9182b6b\" data-element_type=\"column\" data-e-type=\"column\">\n\t\t\t<div class=\"elementor-widget-wrap elementor-element-populated\">\n\t\t\t\t\t\t<div class=\"elementor-element elementor-element-2b8326d elementor-widget elementor-widget-spacer\" data-id=\"2b8326d\" data-element_type=\"widget\" data-e-type=\"widget\" data-widget_type=\"spacer.default\">\n\t\t\t\t<div class=\"elementor-widget-container\">\n\t\t\t\t\t\t\t<div class=\"elementor-spacer\">\n\t\t\t<div class=\"elementor-spacer-inner\"><\/div>\n\t\t<\/div>\n\t\t\t\t\t\t<\/div>\n\t\t\t\t<\/div>\n\t\t\t\t\t<\/div>\n\t\t<\/div>\n\t\t\t\t\t<\/div>\n\t\t<\/section>\n\t\t\t\t<section class=\"elementor-section elementor-top-section elementor-element elementor-element-3538186 elementor-section-boxed elementor-section-height-default elementor-section-height-default\" data-id=\"3538186\" data-element_type=\"section\" data-e-type=\"section\">\n\t\t\t\t\t\t<div class=\"elementor-container elementor-column-gap-default\">\n\t\t\t\t\t<div class=\"elementor-column elementor-col-33 elementor-top-column elementor-element elementor-element-db4a587\" data-id=\"db4a587\" data-element_type=\"column\" data-e-type=\"column\">\n\t\t\t<div class=\"elementor-widget-wrap elementor-element-populated\">\n\t\t\t\t\t\t<div class=\"elementor-element elementor-element-87bf981 elementor-widget elementor-widget-heading\" data-id=\"87bf981\" data-element_type=\"widget\" data-e-type=\"widget\" data-widget_type=\"heading.default\">\n\t\t\t\t<div class=\"elementor-widget-container\">\n\t\t\t\t\t<h2 class=\"elementor-heading-title elementor-size-default\">DECOUVREZ NOS PROCHAINES EXCURSIONS<\/h2>\t\t\t\t<\/div>\n\t\t\t\t<\/div>\n\t\t\t\t<div class=\"elementor-element elementor-element-c1f69c7 elementor-widget elementor-widget-text-editor\" data-id=\"c1f69c7\" data-element_type=\"widget\" data-e-type=\"widget\" data-widget_type=\"text-editor.default\">\n\t\t\t\t<div class=\"elementor-widget-container\">\n\t\t\t\t\t\t\t\t\t<p>En 4&#215;4 ou en Renault 4L, d\u00e9couvrez les prochaines excursions que nous organisons. Du Pays Basque au Nord de l&#8217;Espagne, vivez la plus belle des aventures.<\/p>\t\t\t\t\t\t\t\t<\/div>\n\t\t\t\t<\/div>\n\t\t\t\t<div class=\"elementor-element elementor-element-5bc486f elementor-widget elementor-widget-button\" data-id=\"5bc486f\" data-element_type=\"widget\" data-e-type=\"widget\" data-widget_type=\"button.default\">\n\t\t\t\t<div class=\"elementor-widget-container\">\n\t\t\t\t\t\t\t\t\t<div class=\"elementor-button-wrapper\">\n\t\t\t\t\t<a class=\"elementor-button elementor-button-link elementor-size-sm\" href=\"https:\/\/www.pays-basque-experience.com\/en\/les-randonnees\/\">\n\t\t\t\t\t\t<span class=\"elementor-button-content-wrapper\">\n\t\t\t\t\t\t\t\t\t<span class=\"elementor-button-text\">En savoir plus<\/span>\n\t\t\t\t\t<\/span>\n\t\t\t\t\t<\/a>\n\t\t\t\t<\/div>\n\t\t\t\t\t\t\t\t<\/div>\n\t\t\t\t<\/div>\n\t\t\t\t\t<\/div>\n\t\t<\/div>\n\t\t\t\t<div class=\"elementor-column elementor-col-33 elementor-top-column elementor-element elementor-element-90e053f\" data-id=\"90e053f\" data-element_type=\"column\" data-e-type=\"column\">\n\t\t\t<div class=\"elementor-widget-wrap elementor-element-populated\">\n\t\t\t\t\t\t<div class=\"elementor-element elementor-element-56fc0ed elementor-widget elementor-widget-image\" data-id=\"56fc0ed\" data-element_type=\"widget\" data-e-type=\"widget\" data-widget_type=\"image.default\">\n\t\t\t\t<div class=\"elementor-widget-container\">\n\t\t\t\t\t\t\t\t\t\t\t\t\t\t\t<img decoding=\"async\" src=\"https:\/\/www.pays-basque-experience.com\/wp-content\/uploads\/elementor\/thumbs\/20240126_105838-qnfapku2gsq06k2n2zgi0t0xe7w04t92qmeoldxaqo.jpg\" title=\"20240126_105838\" alt=\"20240126_105838\" loading=\"lazy\" \/>\t\t\t\t\t\t\t\t\t\t\t\t\t\t\t<\/div>\n\t\t\t\t<\/div>\n\t\t\t\t<div class=\"elementor-element elementor-element-703e3af elementor-widget__width-initial elementor-widget elementor-widget-image\" data-id=\"703e3af\" data-element_type=\"widget\" data-e-type=\"widget\" data-widget_type=\"image.default\">\n\t\t\t\t<div class=\"elementor-widget-container\">\n\t\t\t\t\t\t\t\t\t\t\t\t\t\t\t<img decoding=\"async\" src=\"https:\/\/www.pays-basque-experience.com\/wp-content\/uploads\/elementor\/thumbs\/20240422_121838-qol31zwg5mt3cfjbb1kkxc31icp1hbfmqz8gxmptv4.jpg\" title=\"20240422_121838\" alt=\"20240422_121838\" loading=\"lazy\" \/>\t\t\t\t\t\t\t\t\t\t\t\t\t\t\t<\/div>\n\t\t\t\t<\/div>\n\t\t\t\t\t<\/div>\n\t\t<\/div>\n\t\t\t\t<div class=\"elementor-column elementor-col-33 elementor-top-column elementor-element elementor-element-53f7475\" data-id=\"53f7475\" data-element_type=\"column\" data-e-type=\"column\">\n\t\t\t<div class=\"elementor-widget-wrap elementor-element-populated\">\n\t\t\t\t\t\t<div class=\"elementor-element elementor-element-50ea3079 elementor-widget elementor-widget-image\" data-id=\"50ea3079\" data-element_type=\"widget\" data-e-type=\"widget\" data-widget_type=\"image.default\">\n\t\t\t\t<div class=\"elementor-widget-container\">\n\t\t\t\t\t\t\t\t\t\t\t\t\t\t\t<img decoding=\"async\" src=\"https:\/\/www.pays-basque-experience.com\/wp-content\/uploads\/elementor\/thumbs\/Marguerite-qol3mvvc13ehch71c2m4c2bsqlqoj6cwad4wuzqvlc.jpeg\" title=\"Marguerite\" alt=\"Marguerite\" loading=\"lazy\" \/>\t\t\t\t\t\t\t\t\t\t\t\t\t\t\t<\/div>\n\t\t\t\t<\/div>\n\t\t\t\t<div class=\"elementor-element elementor-element-9bdc40f elementor-widget elementor-widget-image\" data-id=\"9bdc40f\" data-element_type=\"widget\" data-e-type=\"widget\" data-widget_type=\"image.default\">\n\t\t\t\t<div class=\"elementor-widget-container\">\n\t\t\t\t\t\t\t\t\t\t\t\t\t\t\t<img decoding=\"async\" src=\"https:\/\/www.pays-basque-experience.com\/wp-content\/uploads\/elementor\/thumbs\/2-qxa6j7za3xqamylt03q3l5v59t7yiy1x6zw80jnpuo.png\" title=\"2\" alt=\"2\" loading=\"lazy\" \/>\t\t\t\t\t\t\t\t\t\t\t\t\t\t\t<\/div>\n\t\t\t\t<\/div>\n\t\t\t\t\t<\/div>\n\t\t<\/div>\n\t\t\t\t\t<\/div>\n\t\t<\/section>\n\t\t\t\t<section class=\"elementor-section elementor-top-section elementor-element elementor-element-44374a4 elementor-section-boxed elementor-section-height-default elementor-section-height-default\" data-id=\"44374a4\" data-element_type=\"section\" data-e-type=\"section\">\n\t\t\t\t\t\t<div class=\"elementor-container elementor-column-gap-default\">\n\t\t\t\t\t<div class=\"elementor-column elementor-col-100 elementor-top-column elementor-element elementor-element-102e46c\" data-id=\"102e46c\" data-element_type=\"column\" data-e-type=\"column\">\n\t\t\t<div class=\"elementor-widget-wrap elementor-element-populated\">\n\t\t\t\t\t\t<div class=\"elementor-element elementor-element-a101640 elementor-widget elementor-widget-spacer\" data-id=\"a101640\" data-element_type=\"widget\" data-e-type=\"widget\" data-widget_type=\"spacer.default\">\n\t\t\t\t<div class=\"elementor-widget-container\">\n\t\t\t\t\t\t\t<div class=\"elementor-spacer\">\n\t\t\t<div class=\"elementor-spacer-inner\"><\/div>\n\t\t<\/div>\n\t\t\t\t\t\t<\/div>\n\t\t\t\t<\/div>\n\t\t\t\t\t<\/div>\n\t\t<\/div>\n\t\t\t\t\t<\/div>\n\t\t<\/section>\n\t\t\t\t<section class=\"elementor-section elementor-top-section elementor-element elementor-element-c8a9083 elementor-section-boxed elementor-section-height-default elementor-section-height-default\" data-id=\"c8a9083\" data-element_type=\"section\" data-e-type=\"section\" data-settings=\"{&quot;background_background&quot;:&quot;classic&quot;}\">\n\t\t\t\t\t\t\t<div class=\"elementor-background-overlay\"><\/div>\n\t\t\t\t\t\t\t<div class=\"elementor-container elementor-column-gap-default\">\n\t\t\t\t\t<div class=\"elementor-column elementor-col-100 elementor-top-column elementor-element elementor-element-bb16049\" data-id=\"bb16049\" data-element_type=\"column\" data-e-type=\"column\">\n\t\t\t<div class=\"elementor-widget-wrap elementor-element-populated\">\n\t\t\t\t\t\t<div class=\"elementor-element elementor-element-cfb93d7 elementor-widget elementor-widget-heading\" data-id=\"cfb93d7\" data-element_type=\"widget\" data-e-type=\"widget\" data-widget_type=\"heading.default\">\n\t\t\t\t<div class=\"elementor-widget-container\">\n\t\t\t\t\t<h2 class=\"elementor-heading-title elementor-size-default\">PARTEZ \u00c0 L\u2019AVENTURE EN RENAULT 4L<\/h2>\t\t\t\t<\/div>\n\t\t\t\t<\/div>\n\t\t\t\t<div class=\"elementor-element elementor-element-9748b6e elementor-widget elementor-widget-text-editor\" data-id=\"9748b6e\" data-element_type=\"widget\" data-e-type=\"widget\" data-widget_type=\"text-editor.default\">\n\t\t\t\t<div class=\"elementor-widget-container\">\n\t\t\t\t\t\t\t\t\t<p style=\"text-align: center;\"><span style=\"color: #ffffff;\">D\u00e9couvrez nos excursions en Renault 4L et partez \u00e0 la d\u00e9couverte du Pays Basque autrement.<\/span><\/p>\t\t\t\t\t\t\t\t<\/div>\n\t\t\t\t<\/div>\n\t\t\t\t<div class=\"elementor-element elementor-element-9260b5f elementor-align-center elementor-mobile-align-center elementor-widget elementor-widget-button\" data-id=\"9260b5f\" data-element_type=\"widget\" data-e-type=\"widget\" data-widget_type=\"button.default\">\n\t\t\t\t<div class=\"elementor-widget-container\">\n\t\t\t\t\t\t\t\t\t<div class=\"elementor-button-wrapper\">\n\t\t\t\t\t<a class=\"elementor-button elementor-button-link elementor-size-sm\" href=\"https:\/\/pays-basque-experience-4l.com\/\">\n\t\t\t\t\t\t<span class=\"elementor-button-content-wrapper\">\n\t\t\t\t\t\t\t\t\t<span class=\"elementor-button-text\">D\u00e9couvrez nos excursions<\/span>\n\t\t\t\t\t<\/span>\n\t\t\t\t\t<\/a>\n\t\t\t\t<\/div>\n\t\t\t\t\t\t\t\t<\/div>\n\t\t\t\t<\/div>\n\t\t\t\t\t<\/div>\n\t\t<\/div>\n\t\t\t\t\t<\/div>\n\t\t<\/section>\n\t\t\t\t<section class=\"elementor-section elementor-top-section elementor-element elementor-element-e2f3592 elementor-section-boxed elementor-section-height-default elementor-section-height-default\" data-id=\"e2f3592\" data-element_type=\"section\" data-e-type=\"section\">\n\t\t\t\t\t\t<div class=\"elementor-container elementor-column-gap-default\">\n\t\t\t\t\t<div class=\"elementor-column elementor-col-100 elementor-top-column elementor-element elementor-element-d45d35f\" data-id=\"d45d35f\" data-element_type=\"column\" data-e-type=\"column\">\n\t\t\t<div class=\"elementor-widget-wrap elementor-element-populated\">\n\t\t\t\t\t\t<div class=\"elementor-element elementor-element-351c859 elementor-widget elementor-widget-heading\" data-id=\"351c859\" data-element_type=\"widget\" data-e-type=\"widget\" data-widget_type=\"heading.default\">\n\t\t\t\t<div class=\"elementor-widget-container\">\n\t\t\t\t\t<h2 class=\"elementor-heading-title elementor-size-default\">L'\u00e9quipe<\/h2>\t\t\t\t<\/div>\n\t\t\t\t<\/div>\n\t\t\t\t<div class=\"elementor-element elementor-element-91edf4e elementor-widget-divider--view-line elementor-widget elementor-widget-divider\" data-id=\"91edf4e\" data-element_type=\"widget\" data-e-type=\"widget\" data-widget_type=\"divider.default\">\n\t\t\t\t<div class=\"elementor-widget-container\">\n\t\t\t\t\t\t\t<div class=\"elementor-divider\">\n\t\t\t<span class=\"elementor-divider-separator\">\n\t\t\t\t\t\t<\/span>\n\t\t<\/div>\n\t\t\t\t\t\t<\/div>\n\t\t\t\t<\/div>\n\t\t\t\t\t<\/div>\n\t\t<\/div>\n\t\t\t\t\t<\/div>\n\t\t<\/section>\n\t\t\t\t<section class=\"elementor-section elementor-top-section elementor-element elementor-element-087f0ef elementor-section-boxed elementor-section-height-default elementor-section-height-default\" data-id=\"087f0ef\" data-element_type=\"section\" data-e-type=\"section\">\n\t\t\t\t\t\t<div class=\"elementor-container elementor-column-gap-default\">\n\t\t\t\t\t<div class=\"elementor-column elementor-col-100 elementor-top-column elementor-element elementor-element-5dc6d79\" data-id=\"5dc6d79\" data-element_type=\"column\" data-e-type=\"column\">\n\t\t\t<div class=\"elementor-widget-wrap elementor-element-populated\">\n\t\t\t\t\t\t<div class=\"elementor-element elementor-element-be2f421 elementor-widget elementor-widget-image\" data-id=\"be2f421\" data-element_type=\"widget\" data-e-type=\"widget\" data-widget_type=\"image.default\">\n\t\t\t\t<div class=\"elementor-widget-container\">\n\t\t\t\t\t\t\t\t\t\t\t\t\t\t\t<img fetchpriority=\"high\" decoding=\"async\" width=\"1024\" height=\"339\" src=\"https:\/\/www.pays-basque-experience.com\/wp-content\/uploads\/2024\/04\/team-pbe-1024x339.jpg\" class=\"attachment-large size-large wp-image-3845\" alt=\"\" srcset=\"https:\/\/www.pays-basque-experience.com\/wp-content\/uploads\/2024\/04\/team-pbe-1024x339.jpg 1024w, https:\/\/www.pays-basque-experience.com\/wp-content\/uploads\/2024\/04\/team-pbe-300x99.jpg 300w, https:\/\/www.pays-basque-experience.com\/wp-content\/uploads\/2024\/04\/team-pbe-768x254.jpg 768w, https:\/\/www.pays-basque-experience.com\/wp-content\/uploads\/2024\/04\/team-pbe-1536x509.jpg 1536w, https:\/\/www.pays-basque-experience.com\/wp-content\/uploads\/2024\/04\/team-pbe-600x199.jpg 600w, https:\/\/www.pays-basque-experience.com\/wp-content\/uploads\/2024\/04\/team-pbe.jpg 2048w\" sizes=\"(max-width: 1024px) 100vw, 1024px\" \/>\t\t\t\t\t\t\t\t\t\t\t\t\t\t\t<\/div>\n\t\t\t\t<\/div>\n\t\t\t\t\t<\/div>\n\t\t<\/div>\n\t\t\t\t\t<\/div>\n\t\t<\/section>\n\t\t\t\t<section class=\"elementor-section elementor-top-section elementor-element elementor-element-789fdc0 elementor-section-boxed elementor-section-height-default elementor-section-height-default\" data-id=\"789fdc0\" data-element_type=\"section\" data-e-type=\"section\">\n\t\t\t\t\t\t<div class=\"elementor-container elementor-column-gap-default\">\n\t\t\t\t\t<div class=\"elementor-column elementor-col-100 elementor-top-column elementor-element elementor-element-6ceeb96\" data-id=\"6ceeb96\" data-element_type=\"column\" data-e-type=\"column\">\n\t\t\t<div class=\"elementor-widget-wrap elementor-element-populated\">\n\t\t\t\t\t\t<div class=\"elementor-element elementor-element-bced544 elementor-widget elementor-widget-heading\" data-id=\"bced544\" data-element_type=\"widget\" data-e-type=\"widget\" data-widget_type=\"heading.default\">\n\t\t\t\t<div class=\"elementor-widget-container\">\n\t\t\t\t\t<h3 class=\"elementor-heading-title elementor-size-default\">Nos instructeurs sont tous dipl\u00f4m\u00e9s d'\u00e9tat BPJEPS Sport Automobile<\/h3>\t\t\t\t<\/div>\n\t\t\t\t<\/div>\n\t\t\t\t\t<\/div>\n\t\t<\/div>\n\t\t\t\t\t<\/div>\n\t\t<\/section>\n\t\t\t\t<section class=\"elementor-section elementor-top-section elementor-element elementor-element-c02048d elementor-section-boxed elementor-section-height-default elementor-section-height-default\" data-id=\"c02048d\" data-element_type=\"section\" data-e-type=\"section\">\n\t\t\t\t\t\t<div class=\"elementor-container elementor-column-gap-default\">\n\t\t\t\t\t<div class=\"elementor-column elementor-col-100 elementor-top-column elementor-element elementor-element-a4891a1\" data-id=\"a4891a1\" data-element_type=\"column\" data-e-type=\"column\">\n\t\t\t<div class=\"elementor-widget-wrap elementor-element-populated\">\n\t\t\t\t\t\t<div class=\"elementor-element elementor-element-a6abc41 elementor-widget elementor-widget-text-editor\" data-id=\"a6abc41\" data-element_type=\"widget\" data-e-type=\"widget\" data-widget_type=\"text-editor.default\">\n\t\t\t\t<div class=\"elementor-widget-container\">\n\t\t\t\t\t\t\t\t\t<p>Adrian et son \u00e9quipe vous proposent de d\u00e9couvrir l&#8217;arri\u00e8re Pays Basque \u00e0 travers des randonn\u00e9es en 4&#215;4. Une \u00e9quipe de passionn\u00e9s et d&#8217;instructeurs dipl\u00f4m\u00e9s qui sauront vous encadrer en toute s\u00e9curit\u00e9.<\/p><p>Soucieux de respecter la l\u00e9gislation, tous les instructeurs sont dipl\u00f4m\u00e9s du BPJEPS &#8220;Sport Automobile&#8221;, obligatoire pour toute personne encadrant contre r\u00e9mun\u00e9ration une activit\u00e9 sportive en 4&#215;4.<\/p><p>Pays Basque Experience c&#8217;est: la d\u00e9couverte, la s\u00e9curit\u00e9 et une bonne dose de convivialit\u00e9.<\/p>\t\t\t\t\t\t\t\t<\/div>\n\t\t\t\t<\/div>\n\t\t\t\t\t<\/div>\n\t\t<\/div>\n\t\t\t\t\t<\/div>\n\t\t<\/section>\n\t\t\t\t<section class=\"elementor-section elementor-top-section elementor-element elementor-element-3806669 elementor-section-boxed elementor-section-height-default elementor-section-height-default\" data-id=\"3806669\" data-element_type=\"section\" data-e-type=\"section\">\n\t\t\t\t\t\t<div class=\"elementor-container elementor-column-gap-default\">\n\t\t\t\t\t<div class=\"elementor-column elementor-col-100 elementor-top-column elementor-element elementor-element-522bbf1\" data-id=\"522bbf1\" data-element_type=\"column\" data-e-type=\"column\">\n\t\t\t<div class=\"elementor-widget-wrap elementor-element-populated\">\n\t\t\t\t\t\t<div class=\"elementor-element elementor-element-affbffc elementor-widget elementor-widget-heading\" data-id=\"affbffc\" data-element_type=\"widget\" data-e-type=\"widget\" data-widget_type=\"heading.default\">\n\t\t\t\t<div class=\"elementor-widget-container\">\n\t\t\t\t\t<h2 class=\"elementor-heading-title elementor-size-default\">En savoir plus<\/h2>\t\t\t\t<\/div>\n\t\t\t\t<\/div>\n\t\t\t\t<div class=\"elementor-element elementor-element-ee2f234 elementor-widget-divider--view-line elementor-widget elementor-widget-divider\" data-id=\"ee2f234\" data-element_type=\"widget\" data-e-type=\"widget\" data-widget_type=\"divider.default\">\n\t\t\t\t<div class=\"elementor-widget-container\">\n\t\t\t\t\t\t\t<div class=\"elementor-divider\">\n\t\t\t<span class=\"elementor-divider-separator\">\n\t\t\t\t\t\t<\/span>\n\t\t<\/div>\n\t\t\t\t\t\t<\/div>\n\t\t\t\t<\/div>\n\t\t\t\t\t<\/div>\n\t\t<\/div>\n\t\t\t\t\t<\/div>\n\t\t<\/section>\n\t\t\t\t<section class=\"elementor-section elementor-top-section elementor-element elementor-element-97e9f8e elementor-section-boxed elementor-section-height-default elementor-section-height-default\" data-id=\"97e9f8e\" data-element_type=\"section\" data-e-type=\"section\">\n\t\t\t\t\t\t<div class=\"elementor-container elementor-column-gap-default\">\n\t\t\t\t\t<div class=\"elementor-column elementor-col-33 elementor-top-column elementor-element elementor-element-97c7e43\" data-id=\"97c7e43\" data-element_type=\"column\" data-e-type=\"column\">\n\t\t\t<div class=\"elementor-widget-wrap elementor-element-populated\">\n\t\t\t\t\t\t<div class=\"elementor-element elementor-element-c6e80c3 elementor-widget elementor-widget-image\" data-id=\"c6e80c3\" data-element_type=\"widget\" data-e-type=\"widget\" data-widget_type=\"image.default\">\n\t\t\t\t<div class=\"elementor-widget-container\">\n\t\t\t\t\t\t\t\t\t\t\t\t\t\t\t\t<a href=\"https:\/\/www.pays-basque-experience.com\/en\/rse\/\">\n\t\t\t\t\t\t\t<img decoding=\"async\" width=\"1024\" height=\"1024\" src=\"https:\/\/www.pays-basque-experience.com\/wp-content\/uploads\/2026\/06\/ENGAGEMENT-SOCIAUX-1-2048x2048-1-1024x1024.png\" class=\"attachment-large size-large wp-image-6972\" alt=\"\" srcset=\"https:\/\/www.pays-basque-experience.com\/wp-content\/uploads\/2026\/06\/ENGAGEMENT-SOCIAUX-1-2048x2048-1-1024x1024.png 1024w, https:\/\/www.pays-basque-experience.com\/wp-content\/uploads\/2026\/06\/ENGAGEMENT-SOCIAUX-1-2048x2048-1-300x300.png 300w, https:\/\/www.pays-basque-experience.com\/wp-content\/uploads\/2026\/06\/ENGAGEMENT-SOCIAUX-1-2048x2048-1-150x150.png 150w, https:\/\/www.pays-basque-experience.com\/wp-content\/uploads\/2026\/06\/ENGAGEMENT-SOCIAUX-1-2048x2048-1-768x768.png 768w, https:\/\/www.pays-basque-experience.com\/wp-content\/uploads\/2026\/06\/ENGAGEMENT-SOCIAUX-1-2048x2048-1-1536x1536.png 1536w, https:\/\/www.pays-basque-experience.com\/wp-content\/uploads\/2026\/06\/ENGAGEMENT-SOCIAUX-1-2048x2048-1-12x12.png 12w, https:\/\/www.pays-basque-experience.com\/wp-content\/uploads\/2026\/06\/ENGAGEMENT-SOCIAUX-1-2048x2048-1-600x600.png 600w, https:\/\/www.pays-basque-experience.com\/wp-content\/uploads\/2026\/06\/ENGAGEMENT-SOCIAUX-1-2048x2048-1-100x100.png 100w, https:\/\/www.pays-basque-experience.com\/wp-content\/uploads\/2026\/06\/ENGAGEMENT-SOCIAUX-1-2048x2048-1.png 2048w\" sizes=\"(max-width: 1024px) 100vw, 1024px\" \/>\t\t\t\t\t\t\t\t<\/a>\n\t\t\t\t\t\t\t\t\t\t\t\t\t\t\t<\/div>\n\t\t\t\t<\/div>\n\t\t\t\t\t<\/div>\n\t\t<\/div>\n\t\t\t\t<div class=\"elementor-column elementor-col-33 elementor-top-column elementor-element elementor-element-825634d\" data-id=\"825634d\" data-element_type=\"column\" data-e-type=\"column\">\n\t\t\t<div class=\"elementor-widget-wrap elementor-element-populated\">\n\t\t\t\t\t\t<div class=\"elementor-element elementor-element-d3233f6 elementor-widget elementor-widget-video\" data-id=\"d3233f6\" data-element_type=\"widget\" data-e-type=\"widget\" data-settings=\"{&quot;video_type&quot;:&quot;hosted&quot;,&quot;controls&quot;:&quot;yes&quot;}\" data-widget_type=\"video.default\">\n\t\t\t\t<div class=\"elementor-widget-container\">\n\t\t\t\t\t\t\t<div class=\"e-hosted-video elementor-wrapper elementor-open-inline\">\n\t\t\t\t\t<video class=\"elementor-video\" src=\"https:\/\/www.pays-basque-experience.com\/wp-content\/uploads\/2022\/05\/Podcast-accueil.mp4\" controls=\"\" preload=\"metadata\" controlslist=\"nodownload\"><\/video>\n\t\t\t\t<\/div>\n\t\t\t\t\t\t<\/div>\n\t\t\t\t<\/div>\n\t\t\t\t\t<\/div>\n\t\t<\/div>\n\t\t\t\t<div class=\"elementor-column elementor-col-33 elementor-top-column elementor-element elementor-element-0d0b58c\" data-id=\"0d0b58c\" data-element_type=\"column\" data-e-type=\"column\">\n\t\t\t<div class=\"elementor-widget-wrap elementor-element-populated\">\n\t\t\t\t\t\t<div class=\"elementor-element elementor-element-ef6da59 elementor-widget elementor-widget-image\" data-id=\"ef6da59\" data-element_type=\"widget\" data-e-type=\"widget\" data-widget_type=\"image.default\">\n\t\t\t\t<div class=\"elementor-widget-container\">\n\t\t\t\t\t\t\t\t\t\t\t\t\t\t\t\t<a href=\"https:\/\/www.pays-basque-experience.com\/en\/location\/chantiers-acces-difficiles\/\">\n\t\t\t\t\t\t\t<img decoding=\"async\" width=\"1024\" height=\"1024\" src=\"https:\/\/www.pays-basque-experience.com\/wp-content\/uploads\/2026\/06\/CHANTIERS-ACCES-DIFFICILE-1024x1024.png\" class=\"attachment-large size-large wp-image-6973\" alt=\"\" srcset=\"https:\/\/www.pays-basque-experience.com\/wp-content\/uploads\/2026\/06\/CHANTIERS-ACCES-DIFFICILE-1024x1024.png 1024w, https:\/\/www.pays-basque-experience.com\/wp-content\/uploads\/2026\/06\/CHANTIERS-ACCES-DIFFICILE-300x300.png 300w, https:\/\/www.pays-basque-experience.com\/wp-content\/uploads\/2026\/06\/CHANTIERS-ACCES-DIFFICILE-150x150.png 150w, https:\/\/www.pays-basque-experience.com\/wp-content\/uploads\/2026\/06\/CHANTIERS-ACCES-DIFFICILE-768x768.png 768w, https:\/\/www.pays-basque-experience.com\/wp-content\/uploads\/2026\/06\/CHANTIERS-ACCES-DIFFICILE-1536x1536.png 1536w, https:\/\/www.pays-basque-experience.com\/wp-content\/uploads\/2026\/06\/CHANTIERS-ACCES-DIFFICILE-2048x2048.png 2048w, https:\/\/www.pays-basque-experience.com\/wp-content\/uploads\/2026\/06\/CHANTIERS-ACCES-DIFFICILE-12x12.png 12w, https:\/\/www.pays-basque-experience.com\/wp-content\/uploads\/2026\/06\/CHANTIERS-ACCES-DIFFICILE-600x600.png 600w, https:\/\/www.pays-basque-experience.com\/wp-content\/uploads\/2026\/06\/CHANTIERS-ACCES-DIFFICILE-100x100.png 100w\" sizes=\"(max-width: 1024px) 100vw, 1024px\" \/>\t\t\t\t\t\t\t\t<\/a>\n\t\t\t\t\t\t\t\t\t\t\t\t\t\t\t<\/div>\n\t\t\t\t<\/div>\n\t\t\t\t\t<\/div>\n\t\t<\/div>\n\t\t\t\t\t<\/div>\n\t\t<\/section>\n\t\t\t\t<section class=\"elementor-section elementor-top-section elementor-element elementor-element-47b4a15 elementor-section-boxed elementor-section-height-default elementor-section-height-default\" data-id=\"47b4a15\" data-element_type=\"section\" data-e-type=\"section\">\n\t\t\t\t\t\t<div class=\"elementor-container elementor-column-gap-default\">\n\t\t\t\t\t<div class=\"elementor-column elementor-col-100 elementor-top-column elementor-element elementor-element-2e1fa8f\" data-id=\"2e1fa8f\" data-element_type=\"column\" data-e-type=\"column\">\n\t\t\t<div class=\"elementor-widget-wrap elementor-element-populated\">\n\t\t\t\t\t\t<div class=\"elementor-element elementor-element-f60ec6d elementor-widget elementor-widget-heading\" data-id=\"f60ec6d\" data-element_type=\"widget\" data-e-type=\"widget\" data-widget_type=\"heading.default\">\n\t\t\t\t<div class=\"elementor-widget-container\">\n\t\t\t\t\t<h4 class=\"elementor-heading-title elementor-size-default\"><a href=\"https:\/\/www.pays-basque-experience.com\/en\/podcasts\/\">Ecoutez tous nos Podcasts<\/a><\/h4>\t\t\t\t<\/div>\n\t\t\t\t<\/div>\n\t\t\t\t\t<\/div>\n\t\t<\/div>\n\t\t\t\t\t<\/div>\n\t\t<\/section>\n\t\t\t\t<section class=\"elementor-section elementor-top-section elementor-element elementor-element-ab38678 elementor-section-boxed elementor-section-height-default elementor-section-height-default\" data-id=\"ab38678\" data-element_type=\"section\" data-e-type=\"section\">\n\t\t\t\t\t\t<div class=\"elementor-container elementor-column-gap-default\">\n\t\t\t\t\t<div class=\"elementor-column elementor-col-100 elementor-top-column elementor-element elementor-element-071963a\" data-id=\"071963a\" data-element_type=\"column\" data-e-type=\"column\">\n\t\t\t<div class=\"elementor-widget-wrap elementor-element-populated\">\n\t\t\t\t\t\t<div class=\"elementor-element elementor-element-8930278 elementor-widget-divider--view-line elementor-widget elementor-widget-divider\" data-id=\"8930278\" data-element_type=\"widget\" data-e-type=\"widget\" data-widget_type=\"divider.default\">\n\t\t\t\t<div class=\"elementor-widget-container\">\n\t\t\t\t\t\t\t<div class=\"elementor-divider\">\n\t\t\t<span class=\"elementor-divider-separator\">\n\t\t\t\t\t\t<\/span>\n\t\t<\/div>\n\t\t\t\t\t\t<\/div>\n\t\t\t\t<\/div>\n\t\t\t\t\t<\/div>\n\t\t<\/div>\n\t\t\t\t\t<\/div>\n\t\t<\/section>\n\t\t\t\t<section class=\"elementor-section elementor-top-section elementor-element elementor-element-784328e elementor-section-boxed elementor-section-height-default elementor-section-height-default\" data-id=\"784328e\" data-element_type=\"section\" data-e-type=\"section\">\n\t\t\t\t\t\t<div class=\"elementor-container elementor-column-gap-default\">\n\t\t\t\t\t<div class=\"elementor-column elementor-col-100 elementor-top-column elementor-element elementor-element-8b715d2\" data-id=\"8b715d2\" data-element_type=\"column\" data-e-type=\"column\">\n\t\t\t<div class=\"elementor-widget-wrap elementor-element-populated\">\n\t\t\t\t\t\t<div class=\"elementor-element elementor-element-21af0ce elementor-widget elementor-widget-heading\" data-id=\"21af0ce\" data-element_type=\"widget\" data-e-type=\"widget\" data-widget_type=\"heading.default\">\n\t\t\t\t<div class=\"elementor-widget-container\">\n\t\t\t\t\t<h2 class=\"elementor-heading-title elementor-size-default\">Le Blog de Pays Basque Exp\u00e9rience<\/h2>\t\t\t\t<\/div>\n\t\t\t\t<\/div>\n\t\t\t\t\t<\/div>\n\t\t<\/div>\n\t\t\t\t\t<\/div>\n\t\t<\/section>\n\t\t\t\t<section class=\"elementor-section elementor-top-section elementor-element elementor-element-42fff8f elementor-section-full_width elementor-section-height-default elementor-section-height-default\" data-id=\"42fff8f\" data-element_type=\"section\" data-e-type=\"section\" data-settings=\"{&quot;background_background&quot;:&quot;classic&quot;}\">\n\t\t\t\t\t\t<div class=\"elementor-container elementor-column-gap-default\">\n\t\t\t\t\t<div class=\"elementor-column elementor-col-100 elementor-top-column elementor-element elementor-element-cead14e\" data-id=\"cead14e\" data-element_type=\"column\" data-e-type=\"column\" data-settings=\"{&quot;background_background&quot;:&quot;gradient&quot;}\">\n\t\t\t<div class=\"elementor-widget-wrap elementor-element-populated\">\n\t\t\t\t\t\t<div class=\"elementor-element elementor-element-5828dfe elementor-grid-3 elementor-grid-tablet-2 elementor-grid-mobile-1 elementor-posts--thumbnail-top elementor-widget elementor-widget-posts\" data-id=\"5828dfe\" data-element_type=\"widget\" data-e-type=\"widget\" data-settings=\"{&quot;classic_columns&quot;:&quot;3&quot;,&quot;classic_columns_tablet&quot;:&quot;2&quot;,&quot;classic_columns_mobile&quot;:&quot;1&quot;,&quot;classic_row_gap&quot;:{&quot;unit&quot;:&quot;px&quot;,&quot;size&quot;:35,&quot;sizes&quot;:[]},&quot;classic_row_gap_tablet&quot;:{&quot;unit&quot;:&quot;px&quot;,&quot;size&quot;:&quot;&quot;,&quot;sizes&quot;:[]},&quot;classic_row_gap_mobile&quot;:{&quot;unit&quot;:&quot;px&quot;,&quot;size&quot;:&quot;&quot;,&quot;sizes&quot;:[]}}\" data-widget_type=\"posts.classic\">\n\t\t\t\t<div class=\"elementor-widget-container\">\n\t\t\t\t\t\t\t<div class=\"elementor-posts-container elementor-posts elementor-posts--skin-classic elementor-grid\" role=\"list\">\n\t\t\t\t<article class=\"elementor-post elementor-grid-item post-4333 post type-post status-publish format-standard has-post-thumbnail hentry category-blog\" role=\"listitem\">\n\t\t\t\t<a class=\"elementor-post__thumbnail__link\" href=\"https:\/\/www.pays-basque-experience.com\/en\/2025\/09\/05\/notre-top-5-des-activites-a-faire-au-pays-basque-quand-il-pleut\/\" tabindex=\"-1\" >\n\t\t\t<div class=\"elementor-post__thumbnail\"><img loading=\"lazy\" decoding=\"async\" width=\"200\" height=\"300\" src=\"https:\/\/www.pays-basque-experience.com\/wp-content\/uploads\/2024\/06\/PB-EXP.-HD-\u00a9E.Gentils-29-1-200x300.jpg\" class=\"attachment-medium size-medium wp-image-4343\" alt=\"\" srcset=\"https:\/\/www.pays-basque-experience.com\/wp-content\/uploads\/2024\/06\/PB-EXP.-HD-\u00a9E.Gentils-29-1-200x300.jpg 200w, https:\/\/www.pays-basque-experience.com\/wp-content\/uploads\/2024\/06\/PB-EXP.-HD-\u00a9E.Gentils-29-1-682x1024.jpg 682w, https:\/\/www.pays-basque-experience.com\/wp-content\/uploads\/2024\/06\/PB-EXP.-HD-\u00a9E.Gentils-29-1-768x1152.jpg 768w, https:\/\/www.pays-basque-experience.com\/wp-content\/uploads\/2024\/06\/PB-EXP.-HD-\u00a9E.Gentils-29-1-600x900.jpg 600w, https:\/\/www.pays-basque-experience.com\/wp-content\/uploads\/2024\/06\/PB-EXP.-HD-\u00a9E.Gentils-29-1.jpg 775w\" sizes=\"(max-width: 200px) 100vw, 200px\" \/><\/div>\n\t\t<\/a>\n\t\t\t\t<div class=\"elementor-post__text\">\n\t\t\t\t<h3 class=\"elementor-post__title\">\n\t\t\t<a href=\"https:\/\/www.pays-basque-experience.com\/en\/2025\/09\/05\/notre-top-5-des-activites-a-faire-au-pays-basque-quand-il-pleut\/\" >\n\t\t\t\tNos meilleures activit\u00e9s \u00e0 faire au pays basque quand il pleut ?\t\t\t<\/a>\n\t\t<\/h3>\n\t\t\t\t<div class=\"elementor-post__meta-data\">\n\t\t\t\t\t<span class=\"elementor-post-date\">\n\t\t\t5 September 2025\t\t<\/span>\n\t\t\t\t<\/div>\n\t\t\t\t<div class=\"elementor-post__excerpt\">\n\t\t\t<p>Ah&#8230; le Pays Basque ! C&#8217;est un coin de pays magnifique mais oui, on ne va pas vous le cacher, il pleut ! Notre \u00e9quipe<\/p>\n\t\t<\/div>\n\t\t\n\t\t<a class=\"elementor-post__read-more\" href=\"https:\/\/www.pays-basque-experience.com\/en\/2025\/09\/05\/notre-top-5-des-activites-a-faire-au-pays-basque-quand-il-pleut\/\" aria-label=\"Read more about Nos meilleures activit\u00e9s \u00e0 faire au pays basque quand il pleut ?\" tabindex=\"-1\" >\n\t\t\tLire la suite \u00bb\t\t<\/a>\n\n\t\t\t\t<\/div>\n\t\t\t\t<\/article>\n\t\t\t\t<article class=\"elementor-post elementor-grid-item post-3311 post type-post status-publish format-standard has-post-thumbnail hentry category-blog\" role=\"listitem\">\n\t\t\t\t<a class=\"elementor-post__thumbnail__link\" href=\"https:\/\/www.pays-basque-experience.com\/en\/2024\/02\/05\/lexploration-envoutante-du-pays-basque-en-4x4\/\" tabindex=\"-1\" >\n\t\t\t<div class=\"elementor-post__thumbnail\"><img loading=\"lazy\" decoding=\"async\" width=\"300\" height=\"225\" src=\"https:\/\/www.pays-basque-experience.com\/wp-content\/uploads\/2021\/11\/255029162_4753583054694285_3353251721757816519_n-300x225.jpg\" class=\"attachment-medium size-medium wp-image-586\" alt=\"\" srcset=\"https:\/\/www.pays-basque-experience.com\/wp-content\/uploads\/2021\/11\/255029162_4753583054694285_3353251721757816519_n-300x225.jpg 300w, https:\/\/www.pays-basque-experience.com\/wp-content\/uploads\/2021\/11\/255029162_4753583054694285_3353251721757816519_n-1024x768.jpg 1024w, https:\/\/www.pays-basque-experience.com\/wp-content\/uploads\/2021\/11\/255029162_4753583054694285_3353251721757816519_n-768x576.jpg 768w, https:\/\/www.pays-basque-experience.com\/wp-content\/uploads\/2021\/11\/255029162_4753583054694285_3353251721757816519_n-600x450.jpg 600w, https:\/\/www.pays-basque-experience.com\/wp-content\/uploads\/2021\/11\/255029162_4753583054694285_3353251721757816519_n.jpg 1200w\" sizes=\"(max-width: 300px) 100vw, 300px\" \/><\/div>\n\t\t<\/a>\n\t\t\t\t<div class=\"elementor-post__text\">\n\t\t\t\t<h3 class=\"elementor-post__title\">\n\t\t\t<a href=\"https:\/\/www.pays-basque-experience.com\/en\/2024\/02\/05\/lexploration-envoutante-du-pays-basque-en-4x4\/\" >\n\t\t\t\tL&#8217;Exploration Envo\u00fbtante du Pays Basque en 4&#215;4\t\t\t<\/a>\n\t\t<\/h3>\n\t\t\t\t<div class=\"elementor-post__meta-data\">\n\t\t\t\t\t<span class=\"elementor-post-date\">\n\t\t\t5 February 2024\t\t<\/span>\n\t\t\t\t<\/div>\n\t\t\t\t<div class=\"elementor-post__excerpt\">\n\t\t\t<p>Le Pays Basque, une terre o\u00f9 la nature majestueuse s&#8217;unit \u00e0 la richesse culturelle, se d\u00e9voile sous un nouvel \u00e9clat lorsqu&#8217;on l&#8217;explore en 4&#215;4 avec<\/p>\n\t\t<\/div>\n\t\t\n\t\t<a class=\"elementor-post__read-more\" href=\"https:\/\/www.pays-basque-experience.com\/en\/2024\/02\/05\/lexploration-envoutante-du-pays-basque-en-4x4\/\" aria-label=\"Read more about L&#8217;Exploration Envo\u00fbtante du Pays Basque en 4&#215;4\" tabindex=\"-1\" >\n\t\t\tLire la suite \u00bb\t\t<\/a>\n\n\t\t\t\t<\/div>\n\t\t\t\t<\/article>\n\t\t\t\t<article class=\"elementor-post elementor-grid-item post-3260 post type-post status-publish format-standard has-post-thumbnail hentry category-blog\" role=\"listitem\">\n\t\t\t\t<a class=\"elementor-post__thumbnail__link\" href=\"https:\/\/www.pays-basque-experience.com\/en\/2024\/01\/16\/decouvrez-lextraordinaire-paysage-des-bardenas-avec-pays-basque-experience-un-tour-inoubliable-du-8-au-10-mai-2024\/\" tabindex=\"-1\" >\n\t\t\t<div class=\"elementor-post__thumbnail\"><img loading=\"lazy\" decoding=\"async\" width=\"300\" height=\"200\" src=\"https:\/\/www.pays-basque-experience.com\/wp-content\/uploads\/2022\/02\/RS2-300x200.jpg\" class=\"attachment-medium size-medium wp-image-1951\" alt=\"\" srcset=\"https:\/\/www.pays-basque-experience.com\/wp-content\/uploads\/2022\/02\/RS2-300x200.jpg 300w, https:\/\/www.pays-basque-experience.com\/wp-content\/uploads\/2022\/02\/RS2-768x512.jpg 768w, https:\/\/www.pays-basque-experience.com\/wp-content\/uploads\/2022\/02\/RS2-600x400.jpg 600w, https:\/\/www.pays-basque-experience.com\/wp-content\/uploads\/2022\/02\/RS2.jpg 800w\" sizes=\"(max-width: 300px) 100vw, 300px\" \/><\/div>\n\t\t<\/a>\n\t\t\t\t<div class=\"elementor-post__text\">\n\t\t\t\t<h3 class=\"elementor-post__title\">\n\t\t\t<a href=\"https:\/\/www.pays-basque-experience.com\/en\/2024\/01\/16\/decouvrez-lextraordinaire-paysage-des-bardenas-avec-pays-basque-experience-un-tour-inoubliable-du-8-au-10-mai-2024\/\" >\n\t\t\t\tD\u00e9couvrez l&#8217;Extraordinaire Paysage des Bardenas avec Pays Basque Experience : Un Tour Inoubliable du 8 au 10 Mai 2024\t\t\t<\/a>\n\t\t<\/h3>\n\t\t\t\t<div class=\"elementor-post__meta-data\">\n\t\t\t\t\t<span class=\"elementor-post-date\">\n\t\t\t16 January 2024\t\t<\/span>\n\t\t\t\t<\/div>\n\t\t\t\t<div class=\"elementor-post__excerpt\">\n\t\t\t<p>Bienvenue dans le monde magique des Bardenas, un tr\u00e9sor cach\u00e9 au c\u0153ur du Pays Basque espagnol. Pays Basque Experience vous invite \u00e0 un voyage \u00e9poustouflant<\/p>\n\t\t<\/div>\n\t\t\n\t\t<a class=\"elementor-post__read-more\" href=\"https:\/\/www.pays-basque-experience.com\/en\/2024\/01\/16\/decouvrez-lextraordinaire-paysage-des-bardenas-avec-pays-basque-experience-un-tour-inoubliable-du-8-au-10-mai-2024\/\" aria-label=\"Read more about D\u00e9couvrez l&#8217;Extraordinaire Paysage des Bardenas avec Pays Basque Experience : Un Tour Inoubliable du 8 au 10 Mai 2024\" tabindex=\"-1\" >\n\t\t\tLire la suite \u00bb\t\t<\/a>\n\n\t\t\t\t<\/div>\n\t\t\t\t<\/article>\n\t\t\t\t<\/div>\n\t\t\n\t\t\t\t\t\t<\/div>\n\t\t\t\t<\/div>\n\t\t\t\t<div class=\"elementor-element elementor-element-dc7830d elementor-widget elementor-widget-google_maps\" data-id=\"dc7830d\" data-element_type=\"widget\" data-e-type=\"widget\" data-widget_type=\"google_maps.default\">\n\t\t\t\t<div class=\"elementor-widget-container\">\n\t\t\t\t\t\t\t<div class=\"elementor-custom-embed\">\n\t\t\t<iframe loading=\"lazy\"\n\t\t\t\t\tsrc=\"https:\/\/www.google.com\/maps\/embed\/v1\/place?key=AIzaSyCaug29OwwjyO5FkpuxP8Uyf2NEJsr-FfY&#038;q=Pays%20Basque%20Experience%2C%20Impasse%20des%20Saules%2C%20Bidart%2C%2064210&#038;zoom=16\"\n\t\t\t\t\ttitle=\"Pays Basque Experience, Impasse des Saules, Bidart, 64210\"\n\t\t\t\t\taria-label=\"Pays Basque Experience, Impasse des Saules, Bidart, 64210\"\n\t\t\t><\/iframe>\n\t\t<\/div>\n\t\t\t\t\t\t<\/div>\n\t\t\t\t<\/div>\n\t\t\t\t\t<\/div>\n\t\t<\/div>\n\t\t\t\t\t<\/div>\n\t\t<\/section>\n\t\t\t\t<section class=\"elementor-section elementor-top-section elementor-element elementor-element-351583c elementor-section-boxed elementor-section-height-default elementor-section-height-default\" data-id=\"351583c\" data-element_type=\"section\" data-e-type=\"section\">\n\t\t\t\t\t\t<div class=\"elementor-container elementor-column-gap-default\">\n\t\t\t\t\t<div class=\"elementor-column elementor-col-100 elementor-top-column elementor-element elementor-element-5cbffda\" data-id=\"5cbffda\" data-element_type=\"column\" data-e-type=\"column\">\n\t\t\t<div class=\"elementor-widget-wrap elementor-element-populated\">\n\t\t\t\t\t\t<div class=\"elementor-element elementor-element-2e88894 elementor-widget elementor-widget-heading\" data-id=\"2e88894\" data-element_type=\"widget\" data-e-type=\"widget\" data-widget_type=\"heading.default\">\n\t\t\t\t<div class=\"elementor-widget-container\">\n\t\t\t\t\t<h2 class=\"elementor-heading-title elementor-size-default\">Suivez l\u2019aventure sur Instagram<\/h2>\t\t\t\t<\/div>\n\t\t\t\t<\/div>\n\t\t\t\t\t<\/div>\n\t\t<\/div>\n\t\t\t\t\t<\/div>\n\t\t<\/section>\n\t\t\t\t<section class=\"elementor-section elementor-top-section elementor-element elementor-element-18d1ef8 elementor-section-full_width elementor-section-height-default elementor-section-height-default\" data-id=\"18d1ef8\" data-element_type=\"section\" data-e-type=\"section\" data-settings=\"{&quot;background_background&quot;:&quot;classic&quot;}\">\n\t\t\t\t\t\t<div class=\"elementor-container elementor-column-gap-default\">\n\t\t\t\t\t<div class=\"elementor-column elementor-col-100 elementor-top-column elementor-element elementor-element-b7a5fb7\" data-id=\"b7a5fb7\" data-element_type=\"column\" data-e-type=\"column\">\n\t\t\t<div class=\"elementor-widget-wrap elementor-element-populated\">\n\t\t\t\t\t\t<div class=\"elementor-element elementor-element-5e7bd38 elementor-widget elementor-widget-text-editor\" data-id=\"5e7bd38\" data-element_type=\"widget\" data-e-type=\"widget\" data-widget_type=\"text-editor.default\">\n\t\t\t\t<div class=\"elementor-widget-container\">\n\t\t\t\t\t\t\t\t\t<p><style type=\"text\/css\">\n<\/style><div id=\"feed_dynamic_classjvjywteffs_basic\" class=\"fts-instagram-inline-block-centered feed_dynamic_classjvjywteffs_basic\"  data-ftsi-columns=\"5\" data-ftsi-columns-tablet=\"2\" data-ftsi-columns-mobile=\"1\" data-ftsi-force-columns=\"\" data-ftsi-margin=\"1px\" data-ftsi-height=\"\">                                                        <div class=\"slicker-instagram-placeholder fts-instagram-wrapper\" style=\"background-image:url('https:\/\/scontent-lhr11-1.cdninstagram.com\/v\/t51.82787-15\/791653662_18385265605160277_7283092691887564281_n.jpg?stp=dst-jpg_e35_tt6&#038;_nc_cat=107&#038;ccb=7-5&#038;_nc_sid=18de74&#038;efg=eyJlZmdfdGFnIjoiQ0xJUFMuYmVzdF9pbWFnZV91cmxnZW4uQzMifQ%3D%3D&#038;_nc_ohc=eqI8LuHrCWkQ7kNvwEZzRvB&#038;_nc_oc=Adp2tbgjAKpXQBqFe2ufM6rGh6LfutB4L0yURX5VLstj8vi20XTRm0zELecvW-5TJTk&#038;_nc_zt=23&#038;_nc_ht=scontent-lhr11-1.cdninstagram.com&#038;edm=ANQ71j8EAAAA&#038;_nc_gid=ojgpR8cGkybrccZ6SIUeUg&#038;_nc_tpa=Q5bMBQL3dW8V5TrPynJFZamBBzhlYNFuDD92hAfvqP_vsLJp8LfC9_3tLl1xrIcu-f937UEPzzSPnP6X&#038;oh=00_AQJxJwacHJRHmWpa1dzQ74epgOgPOk0wxsp5VdjycRxnTQ&#038;oe=6AA1B30E')\">\n                                            <a href='https:\/\/www.instagram.com\/reel\/DcrWY89NOtz\/' title='Le d\u00e9part approche \u00e0 grands pas ! Encore quelques formations \u00e0 venir et encore quelques ajustements \u00e0 faire... mais nous entrons dans la derni\u00e8re ligne droite avant ce grand moment ! Cette ann\u00e9e encore, nous sommes tr\u00e8s heureux de pr\u00e9parer les femmes qui se lancent dans cette aventure et de les accompagner jusqu\u2019au Maroc, o\u00f9 les attendent les pistes et les d\u00e9fis du @rallye.roses.des.sables L\u2019aventure approche. J-38 !#rds2026 #rallyerosesdessables2026 #rallyerosesdessables' target=\"_blank\" rel=\"noreferrer\" class='fts-instagram-link-target fts-slicker-backg                         fts-instagram-img-link' style=\"height:65px !important; width:65px; line-height:65px; font-size:65px;\"><span class=\"fts-instagram-icon\" style=\"height:65px; width:65px; line-height:65px; font-size:65px;\"><\/span><\/a>\n                        \n                        <div class='slicker-date'>\n\n                            <div class=\"fts-insta-date-popup-grab\">\n                            7 days ago                            <\/div>\n                        <\/div>\n                    <div class='slicker-instaG-backg-link'>\n\n                        <div class='slicker-instaG-photoshadow'><\/div>\n                    <\/div>\n                        <div class=\"fts-insta-likes-comments-grab-popup\">\n\n                            <div class=\"fts-share-wrap\"><a href=\"javascript:;\" class=\"ft-gallery-link-popup\" title=\"Social Share Options\"><\/a><div class=\"ft-gallery-share-wrap\"><a href=\"https:\/\/www.facebook.com\/sharer\/sharer.php?u=https:\/\/www.instagram.com\/reel\/DcrWY89NOtz\/\" target=\"_blank\" rel=\"noreferrer\" class=\"ft-galleryfacebook-icon\" title=\"Share this post on Facebook\"><i class=\"fa fa-facebook-square\"><\/i><\/a><a href=\"https:\/\/twitter.com\/intent\/tweet?text=https:\/\/www.instagram.com\/reel\/DcrWY89NOtz\/+Le d\u00e9part approche \u00e0 grands pas ! Encore quelques formations \u00e0 venir et encore quelques ajustements \u00e0 faire... mais nous entrons dans la derni\u00e8re ligne droite avant ce grand moment ! Cette ann\u00e9e encore, nous sommes tr\u00e8s heureux de pr\u00e9parer les femmes qui se lancent dans cette aventure et de les accompagner jusqu\u2019au Maroc, o\u00f9 les attendent les pistes et les d\u00e9fis du @rallye.roses.des.sables L\u2019aventure approche. J-38 !#rds2026 #rallyerosesdessables2026 #rallyerosesdessables\" target=\"_blank\" rel=\"noreferrer\" class=\"ft-gallerytwitter-icon\" title=\"Share this post on Twitter\"><i class=\"fa fa-twitter\"><\/i><\/a><a href=\"https:\/\/www.linkedin.com\/shareArticle?mini=true&amp;url=https:\/\/www.instagram.com\/reel\/DcrWY89NOtz\/\" target=\"_blank\" rel=\"noreferrer\" class=\"ft-gallerylinkedin-icon\" title=\"Share this post on Linkedin\"><i class=\"fa fa-linkedin\"><\/i><\/a><a href=\"mailto:?subject=Shared Link&amp;body=https:\/\/www.instagram.com\/reel\/DcrWY89NOtz\/ - Le d\u00e9part approche \u00e0 grands pas ! Encore quelques formations \u00e0 venir et encore quelques ajustements \u00e0 faire... mais nous entrons dans la derni\u00e8re ligne droite avant ce grand moment ! Cette ann\u00e9e encore, nous sommes tr\u00e8s heureux de pr\u00e9parer les femmes qui se lancent dans cette aventure et de les accompagner jusqu\u2019au Maroc, o\u00f9 les attendent les pistes et les d\u00e9fis du @rallye.roses.des.sables L\u2019aventure approche. J-38 !#rds2026 #rallyerosesdessables2026 #rallyerosesdessables\" target=\"_blank\" rel=\"noreferrer\" class=\"ft-galleryemail-icon\" title=\"Share this post in your email\"><i class=\"fa fa-envelope\"><\/i><\/a><\/div><\/div>                        <\/div>\n                <\/div>\n                                                                            <div class=\"slicker-instagram-placeholder fts-instagram-wrapper\" style=\"background-image:url('https:\/\/scontent-lhr6-2.cdninstagram.com\/v\/t51.82787-15\/785925467_18384463852160277_1247342144166869536_n.jpg?stp=dst-jpg_e35_tt6&#038;_nc_cat=109&#038;ccb=7-5&#038;_nc_sid=18de74&#038;efg=eyJlZmdfdGFnIjoiQ0xJUFMuYmVzdF9pbWFnZV91cmxnZW4uQzMifQ%3D%3D&#038;_nc_ohc=m6lfkbLYNlEQ7kNvwFi7H0G&#038;_nc_oc=Adrrm9oQnqcrtG0hSkh1YsDFQgPyqsRbi9nFVYRSyPfLCTR_L81tI1nHNdJEtBE_mXU&#038;_nc_zt=23&#038;_nc_ht=scontent-lhr6-2.cdninstagram.com&#038;edm=ANQ71j8EAAAA&#038;_nc_gid=TWbpeVjPR0n9KltKwblaMQ&#038;_nc_tpa=Q5bMBQLIbh1bR0RpHwskyxwtte-HMfsHaYAELgXQ13hT_zbjCDfbapL8wBNX_G01vLExXPxcqInmmFyA&#038;oh=00_AQK_sP_CGkRlaM2oDOApsSBkI3GGxIVVBZsvX-xOoyukqg&#038;oe=6AA1C592')\">\n                                            <a href='https:\/\/www.instagram.com\/reel\/Dcbxpn5Ndt_\/' title='La saison se termine\u2026 et quelle saison !Merci pour tous ces beaux moments partag\u00e9s : les couchers de soleil magnifiques, les photos, les ap\u00e9ros, votre bonne humeur et surtout, toutes ces belles rencontres.Pays Basque Experience prend une petite pause, le temps de souffler et de pr\u00e9parer la suite.On se retrouve \u00e0 la rentr\u00e9e pour plein de projets, dont un raid en Aragon et dans les Bardenas, pr\u00e9vu pour fin octobre ! \ud83c\udfdc\ufe0f#\u00e9t\u00e92026 #paysbasque' target=\"_blank\" rel=\"noreferrer\" class='fts-instagram-link-target fts-slicker-backg                         fts-instagram-img-link' style=\"height:65px !important; width:65px; line-height:65px; font-size:65px;\"><span class=\"fts-instagram-icon\" style=\"height:65px; width:65px; line-height:65px; font-size:65px;\"><\/span><\/a>\n                        \n                        <div class='slicker-date'>\n\n                            <div class=\"fts-insta-date-popup-grab\">\n                            2 weeks ago                            <\/div>\n                        <\/div>\n                    <div class='slicker-instaG-backg-link'>\n\n                        <div class='slicker-instaG-photoshadow'><\/div>\n                    <\/div>\n                        <div class=\"fts-insta-likes-comments-grab-popup\">\n\n                            <div class=\"fts-share-wrap\"><a href=\"javascript:;\" class=\"ft-gallery-link-popup\" title=\"Social Share Options\"><\/a><div class=\"ft-gallery-share-wrap\"><a href=\"https:\/\/www.facebook.com\/sharer\/sharer.php?u=https:\/\/www.instagram.com\/reel\/Dcbxpn5Ndt_\/\" target=\"_blank\" rel=\"noreferrer\" class=\"ft-galleryfacebook-icon\" title=\"Share this post on Facebook\"><i class=\"fa fa-facebook-square\"><\/i><\/a><a href=\"https:\/\/twitter.com\/intent\/tweet?text=https:\/\/www.instagram.com\/reel\/Dcbxpn5Ndt_\/+La saison se termine\u2026 et quelle saison !Merci pour tous ces beaux moments partag\u00e9s : les couchers de soleil magnifiques, les photos, les ap\u00e9ros, votre bonne humeur et surtout, toutes ces belles rencontres.Pays Basque Experience prend une petite pause, le temps de souffler et de pr\u00e9parer la suite.On se retrouve \u00e0 la rentr\u00e9e pour plein de projets, dont un raid en Aragon et dans les Bardenas, pr\u00e9vu pour fin octobre ! \ud83c\udfdc\ufe0f#\u00e9t\u00e92026 #paysbasque\" target=\"_blank\" rel=\"noreferrer\" class=\"ft-gallerytwitter-icon\" title=\"Share this post on Twitter\"><i class=\"fa fa-twitter\"><\/i><\/a><a href=\"https:\/\/www.linkedin.com\/shareArticle?mini=true&amp;url=https:\/\/www.instagram.com\/reel\/Dcbxpn5Ndt_\/\" target=\"_blank\" rel=\"noreferrer\" class=\"ft-gallerylinkedin-icon\" title=\"Share this post on Linkedin\"><i class=\"fa fa-linkedin\"><\/i><\/a><a href=\"mailto:?subject=Shared Link&amp;body=https:\/\/www.instagram.com\/reel\/Dcbxpn5Ndt_\/ - La saison se termine\u2026 et quelle saison !Merci pour tous ces beaux moments partag\u00e9s : les couchers de soleil magnifiques, les photos, les ap\u00e9ros, votre bonne humeur et surtout, toutes ces belles rencontres.Pays Basque Experience prend une petite pause, le temps de souffler et de pr\u00e9parer la suite.On se retrouve \u00e0 la rentr\u00e9e pour plein de projets, dont un raid en Aragon et dans les Bardenas, pr\u00e9vu pour fin octobre ! \ud83c\udfdc\ufe0f#\u00e9t\u00e92026 #paysbasque\" target=\"_blank\" rel=\"noreferrer\" class=\"ft-galleryemail-icon\" title=\"Share this post in your email\"><i class=\"fa fa-envelope\"><\/i><\/a><\/div><\/div>                        <\/div>\n                <\/div>\n                                                                            <div class=\"slicker-instagram-placeholder fts-instagram-wrapper\" style=\"background-image:url('https:\/\/scontent-lhr6-2.cdninstagram.com\/v\/t51.82787-15\/779789083_18383642251160277_5068775638361256375_n.jpg?stp=dst-jpg_e35_tt6&#038;_nc_cat=109&#038;ccb=7-5&#038;_nc_sid=18de74&#038;efg=eyJlZmdfdGFnIjoiQ0FST1VTRUxfSVRFTS5iZXN0X2ltYWdlX3VybGdlbi5DMyJ9&#038;_nc_ohc=TuZ7_0m_LckQ7kNvwEwChKH&#038;_nc_oc=AdpXNN4zOPCedQyo-X7ttpMDE_nDUWWc0CkML_4jutP2tl-ygjk3PcHaD-yx-DsLrsc&#038;_nc_zt=23&#038;_nc_ht=scontent-lhr6-2.cdninstagram.com&#038;edm=ANQ71j8EAAAA&#038;_nc_gid=mIwcNERDXdqiBxw8maoo-w&#038;_nc_tpa=Q5bMBQLDIxi7GgYR38mIcEMYjR5SekMTXmnRZZxRJOUa7W1t4qtwKE_AJ1RJSNqaSq-HrTktv2p_K735&#038;oh=00_AQJ-6N99c5hdt619_0pqUfOsj62WylbgqjF9GM-4iggUuA&#038;oe=6AA1B167')\">\n                                            <a href='https:\/\/www.instagram.com\/p\/DcMQzVljaVT\/' title='Et si vous profitiez du week-end de la Toussaint pour vraiment d\u00e9connecter ?Du 30 octobre au 1er novembre 2026, embarquez pour un mini-raid 4x4 entre C\u00f4te Basque, Navarre, Bardenas Reales et Aragon.Des routes sauvages, des pistes secr\u00e8tes, des paysages qui changent \u00e0 chaque \u00e9tape et cette sensation de partir loin\u2026 sans avoir besoin de partir longtemps.Un raid d\u00e9paysant et unique, \u00e0 vivre entre amis ou en famille. Les enfants sont les bienvenus !\ud83d\udcc5 30, 31 octobre &amp; 1er novembre 2026\ud83d\udccd D\u00e9part C\u00f4te Basque\ud83d\ude99 Raid Bardenas \u2013 Aragon72h pour changer compl\u00e8tement de d\u00e9cor ! #raid4x4 #arag\u00f3n #raidaragon #bardenasreales' target=\"_blank\" rel=\"noreferrer\" class='fts-child-media fts-instagram-link-target fts-slicker-backg                         fts-instagram-img-link' style=\"height:65px !important; width:65px; line-height:65px; font-size:65px;\"><span class=\"fts-instagram-icon\" style=\"height:65px; width:65px; line-height:65px; font-size:65px;\"><\/span><\/a>\n                                                    <div class=\"fts-carousel-image-wrapper\"><div class=\"fts-carousel-image\" ><\/div><\/div>\n                                                            <a href='' title='Et si vous profitiez du week-end de la Toussaint pour vraiment d\u00e9connecter ?Du 30 octobre au 1er novembre 2026, embarquez pour un mini-raid 4x4 entre C\u00f4te Basque, Navarre, Bardenas Reales et Aragon.Des routes sauvages, des pistes secr\u00e8tes, des paysages qui changent \u00e0 chaque \u00e9tape et cette sensation de partir loin\u2026 sans avoir besoin de partir longtemps.Un raid d\u00e9paysant et unique, \u00e0 vivre entre amis ou en famille. Les enfants sont les bienvenus !\ud83d\udcc5 30, 31 octobre &amp; 1er novembre 2026\ud83d\udccd D\u00e9part C\u00f4te Basque\ud83d\ude99 Raid Bardenas \u2013 Aragon72h pour changer compl\u00e8tement de d\u00e9cor ! #raid4x4 #arag\u00f3n #raidaragon #bardenasreales' target=\"_blank\" rel=\"noreferrer\" class='fts-child-media fts-child-media-hide fts-instagram-link-target fts-slicker-backg                                                                     fts-instagram-img-link'><\/a>\n                                                                <a href='' title='Et si vous profitiez du week-end de la Toussaint pour vraiment d\u00e9connecter ?Du 30 octobre au 1er novembre 2026, embarquez pour un mini-raid 4x4 entre C\u00f4te Basque, Navarre, Bardenas Reales et Aragon.Des routes sauvages, des pistes secr\u00e8tes, des paysages qui changent \u00e0 chaque \u00e9tape et cette sensation de partir loin\u2026 sans avoir besoin de partir longtemps.Un raid d\u00e9paysant et unique, \u00e0 vivre entre amis ou en famille. Les enfants sont les bienvenus !\ud83d\udcc5 30, 31 octobre &amp; 1er novembre 2026\ud83d\udccd D\u00e9part C\u00f4te Basque\ud83d\ude99 Raid Bardenas \u2013 Aragon72h pour changer compl\u00e8tement de d\u00e9cor ! #raid4x4 #arag\u00f3n #raidaragon #bardenasreales' target=\"_blank\" rel=\"noreferrer\" class='fts-child-media fts-child-media-hide fts-instagram-link-target fts-slicker-backg                                                                     fts-instagram-img-link'><\/a>\n                                                                <a href='' title='Et si vous profitiez du week-end de la Toussaint pour vraiment d\u00e9connecter ?Du 30 octobre au 1er novembre 2026, embarquez pour un mini-raid 4x4 entre C\u00f4te Basque, Navarre, Bardenas Reales et Aragon.Des routes sauvages, des pistes secr\u00e8tes, des paysages qui changent \u00e0 chaque \u00e9tape et cette sensation de partir loin\u2026 sans avoir besoin de partir longtemps.Un raid d\u00e9paysant et unique, \u00e0 vivre entre amis ou en famille. Les enfants sont les bienvenus !\ud83d\udcc5 30, 31 octobre &amp; 1er novembre 2026\ud83d\udccd D\u00e9part C\u00f4te Basque\ud83d\ude99 Raid Bardenas \u2013 Aragon72h pour changer compl\u00e8tement de d\u00e9cor ! #raid4x4 #arag\u00f3n #raidaragon #bardenasreales' target=\"_blank\" rel=\"noreferrer\" class='fts-child-media fts-child-media-hide fts-instagram-link-target fts-slicker-backg                                                                     fts-instagram-img-link'><\/a>\n                                                                <a href='' title='Et si vous profitiez du week-end de la Toussaint pour vraiment d\u00e9connecter ?Du 30 octobre au 1er novembre 2026, embarquez pour un mini-raid 4x4 entre C\u00f4te Basque, Navarre, Bardenas Reales et Aragon.Des routes sauvages, des pistes secr\u00e8tes, des paysages qui changent \u00e0 chaque \u00e9tape et cette sensation de partir loin\u2026 sans avoir besoin de partir longtemps.Un raid d\u00e9paysant et unique, \u00e0 vivre entre amis ou en famille. Les enfants sont les bienvenus !\ud83d\udcc5 30, 31 octobre &amp; 1er novembre 2026\ud83d\udccd D\u00e9part C\u00f4te Basque\ud83d\ude99 Raid Bardenas \u2013 Aragon72h pour changer compl\u00e8tement de d\u00e9cor ! #raid4x4 #arag\u00f3n #raidaragon #bardenasreales' target=\"_blank\" rel=\"noreferrer\" class='fts-child-media fts-child-media-hide fts-instagram-link-target fts-slicker-backg                                                                     fts-instagram-img-link'><\/a>\n                                                                <a href='' title='Et si vous profitiez du week-end de la Toussaint pour vraiment d\u00e9connecter ?Du 30 octobre au 1er novembre 2026, embarquez pour un mini-raid 4x4 entre C\u00f4te Basque, Navarre, Bardenas Reales et Aragon.Des routes sauvages, des pistes secr\u00e8tes, des paysages qui changent \u00e0 chaque \u00e9tape et cette sensation de partir loin\u2026 sans avoir besoin de partir longtemps.Un raid d\u00e9paysant et unique, \u00e0 vivre entre amis ou en famille. Les enfants sont les bienvenus !\ud83d\udcc5 30, 31 octobre &amp; 1er novembre 2026\ud83d\udccd D\u00e9part C\u00f4te Basque\ud83d\ude99 Raid Bardenas \u2013 Aragon72h pour changer compl\u00e8tement de d\u00e9cor ! #raid4x4 #arag\u00f3n #raidaragon #bardenasreales' target=\"_blank\" rel=\"noreferrer\" class='fts-child-media fts-child-media-hide fts-instagram-link-target fts-slicker-backg                                                                     fts-instagram-img-link'><\/a>\n                                \n                        <div class='slicker-date'>\n\n                            <div class=\"fts-insta-date-popup-grab\">\n                            3 weeks ago                            <\/div>\n                        <\/div>\n                    <div class='slicker-instaG-backg-link'>\n\n                        <div class='slicker-instaG-photoshadow'><\/div>\n                    <\/div>\n                        <div class=\"fts-insta-likes-comments-grab-popup\">\n\n                            <div class=\"fts-share-wrap\"><a href=\"javascript:;\" class=\"ft-gallery-link-popup\" title=\"Social Share Options\"><\/a><div class=\"ft-gallery-share-wrap\"><a href=\"https:\/\/www.facebook.com\/sharer\/sharer.php?u=https:\/\/www.instagram.com\/p\/DcMQzVljaVT\/\" target=\"_blank\" rel=\"noreferrer\" class=\"ft-galleryfacebook-icon\" title=\"Share this post on Facebook\"><i class=\"fa fa-facebook-square\"><\/i><\/a><a href=\"https:\/\/twitter.com\/intent\/tweet?text=https:\/\/www.instagram.com\/p\/DcMQzVljaVT\/+Et si vous profitiez du week-end de la Toussaint pour vraiment d\u00e9connecter ?Du 30 octobre au 1er novembre 2026, embarquez pour un mini-raid 4x4 entre C\u00f4te Basque, Navarre, Bardenas Reales et Aragon.Des routes sauvages, des pistes secr\u00e8tes, des paysages qui changent \u00e0 chaque \u00e9tape et cette sensation de partir loin\u2026 sans avoir besoin de partir longtemps.Un raid d\u00e9paysant et unique, \u00e0 vivre entre amis ou en famille. Les enfants sont les bienvenus !\ud83d\udcc5 30, 31 octobre &amp; 1er novembre 2026\ud83d\udccd D\u00e9part C\u00f4te Basque\ud83d\ude99 Raid Bardenas \u2013 Aragon72h pour changer compl\u00e8tement de d\u00e9cor ! #raid4x4 #arag\u00f3n #raidaragon #bardenasreales\" target=\"_blank\" rel=\"noreferrer\" class=\"ft-gallerytwitter-icon\" title=\"Share this post on Twitter\"><i class=\"fa fa-twitter\"><\/i><\/a><a href=\"https:\/\/www.linkedin.com\/shareArticle?mini=true&amp;url=https:\/\/www.instagram.com\/p\/DcMQzVljaVT\/\" target=\"_blank\" rel=\"noreferrer\" class=\"ft-gallerylinkedin-icon\" title=\"Share this post on Linkedin\"><i class=\"fa fa-linkedin\"><\/i><\/a><a href=\"mailto:?subject=Shared Link&amp;body=https:\/\/www.instagram.com\/p\/DcMQzVljaVT\/ - Et si vous profitiez du week-end de la Toussaint pour vraiment d\u00e9connecter ?Du 30 octobre au 1er novembre 2026, embarquez pour un mini-raid 4x4 entre C\u00f4te Basque, Navarre, Bardenas Reales et Aragon.Des routes sauvages, des pistes secr\u00e8tes, des paysages qui changent \u00e0 chaque \u00e9tape et cette sensation de partir loin\u2026 sans avoir besoin de partir longtemps.Un raid d\u00e9paysant et unique, \u00e0 vivre entre amis ou en famille. Les enfants sont les bienvenus !\ud83d\udcc5 30, 31 octobre &amp; 1er novembre 2026\ud83d\udccd D\u00e9part C\u00f4te Basque\ud83d\ude99 Raid Bardenas \u2013 Aragon72h pour changer compl\u00e8tement de d\u00e9cor ! #raid4x4 #arag\u00f3n #raidaragon #bardenasreales\" target=\"_blank\" rel=\"noreferrer\" class=\"ft-galleryemail-icon\" title=\"Share this post in your email\"><i class=\"fa fa-envelope\"><\/i><\/a><\/div><\/div>                        <\/div>\n                <\/div>\n                                                                            <div class=\"slicker-instagram-placeholder fts-instagram-wrapper\" style=\"background-image:url('https:\/\/scontent-lhr6-1.cdninstagram.com\/v\/t51.82787-15\/772647460_18382691416160277_7909997892319547545_n.jpg?stp=dst-jpg_e35_tt6&#038;_nc_cat=102&#038;ccb=7-5&#038;_nc_sid=18de74&#038;efg=eyJlZmdfdGFnIjoiQ0FST1VTRUxfSVRFTS5iZXN0X2ltYWdlX3VybGdlbi5DMyJ9&#038;_nc_ohc=QdNGTBEJ8L4Q7kNvwFsRtW5&#038;_nc_oc=Adr-oqL7KGY7gGLjhFSpmQDqrmgthitqWqmaIxNPN17Hb_gxXzQS5NuNGJumKUF0fe4&#038;_nc_zt=23&#038;_nc_ht=scontent-lhr6-1.cdninstagram.com&#038;edm=ANQ71j8EAAAA&#038;_nc_gid=PZ1VMK4nu44z2bhHD-wgxw&#038;_nc_tpa=Q5bMBQJwFu9J8sd5zEplOArd1yGTm-7rWFJt8o4qjvPjA265vOTUObpOog9l2_6jtDGHRwKaiq84gLGw&#038;oh=00_AQLVZvApXHocPAbiv078FZbn83hzj39ULajY8NNOCtrPnw&#038;oe=6AA1BCDE')\">\n                                            <a href='https:\/\/www.instagram.com\/p\/Db7lI2eDXP6\/' title='Des sourires, de belles rencontres\u2026 et des avis qui nous font vraiment plaisir.Cet \u00e9t\u00e9, vous \u00eates nombreux \u00e0 partir \u00e0 l\u2019aventure avec nous.\ud83e\udd29 Merci pour votre confiance, vos retours et tous ces beaux moments partag\u00e9s sur les pistes.Merci No\u00e9mie pour les photos \ud83d\ude4f' target=\"_blank\" rel=\"noreferrer\" class='fts-child-media fts-instagram-link-target fts-slicker-backg                         fts-instagram-img-link' style=\"height:65px !important; width:65px; line-height:65px; font-size:65px;\"><span class=\"fts-instagram-icon\" style=\"height:65px; width:65px; line-height:65px; font-size:65px;\"><\/span><\/a>\n                                                    <div class=\"fts-carousel-image-wrapper\"><div class=\"fts-carousel-image\" ><\/div><\/div>\n                                                            <a href='' title='Des sourires, de belles rencontres\u2026 et des avis qui nous font vraiment plaisir.Cet \u00e9t\u00e9, vous \u00eates nombreux \u00e0 partir \u00e0 l\u2019aventure avec nous.\ud83e\udd29 Merci pour votre confiance, vos retours et tous ces beaux moments partag\u00e9s sur les pistes.Merci No\u00e9mie pour les photos \ud83d\ude4f' target=\"_blank\" rel=\"noreferrer\" class='fts-child-media fts-child-media-hide fts-instagram-link-target fts-slicker-backg                                                                     fts-instagram-img-link'><\/a>\n                                                                <a href='' title='Des sourires, de belles rencontres\u2026 et des avis qui nous font vraiment plaisir.Cet \u00e9t\u00e9, vous \u00eates nombreux \u00e0 partir \u00e0 l\u2019aventure avec nous.\ud83e\udd29 Merci pour votre confiance, vos retours et tous ces beaux moments partag\u00e9s sur les pistes.Merci No\u00e9mie pour les photos \ud83d\ude4f' target=\"_blank\" rel=\"noreferrer\" class='fts-child-media fts-child-media-hide fts-instagram-link-target fts-slicker-backg                                                                     fts-instagram-img-link'><\/a>\n                                                                <a href='' title='Des sourires, de belles rencontres\u2026 et des avis qui nous font vraiment plaisir.Cet \u00e9t\u00e9, vous \u00eates nombreux \u00e0 partir \u00e0 l\u2019aventure avec nous.\ud83e\udd29 Merci pour votre confiance, vos retours et tous ces beaux moments partag\u00e9s sur les pistes.Merci No\u00e9mie pour les photos \ud83d\ude4f' target=\"_blank\" rel=\"noreferrer\" class='fts-child-media fts-child-media-hide fts-instagram-link-target fts-slicker-backg                                                                     fts-instagram-img-link'><\/a>\n                                                                <a href='' title='Des sourires, de belles rencontres\u2026 et des avis qui nous font vraiment plaisir.Cet \u00e9t\u00e9, vous \u00eates nombreux \u00e0 partir \u00e0 l\u2019aventure avec nous.\ud83e\udd29 Merci pour votre confiance, vos retours et tous ces beaux moments partag\u00e9s sur les pistes.Merci No\u00e9mie pour les photos \ud83d\ude4f' target=\"_blank\" rel=\"noreferrer\" class='fts-child-media fts-child-media-hide fts-instagram-link-target fts-slicker-backg                                                                     fts-instagram-img-link'><\/a>\n                                                                <a href='' title='Des sourires, de belles rencontres\u2026 et des avis qui nous font vraiment plaisir.Cet \u00e9t\u00e9, vous \u00eates nombreux \u00e0 partir \u00e0 l\u2019aventure avec nous.\ud83e\udd29 Merci pour votre confiance, vos retours et tous ces beaux moments partag\u00e9s sur les pistes.Merci No\u00e9mie pour les photos \ud83d\ude4f' target=\"_blank\" rel=\"noreferrer\" class='fts-child-media fts-child-media-hide fts-instagram-link-target fts-slicker-backg                                                                     fts-instagram-img-link'><\/a>\n                                \n                        <div class='slicker-date'>\n\n                            <div class=\"fts-insta-date-popup-grab\">\n                            4 weeks ago                            <\/div>\n                        <\/div>\n                    <div class='slicker-instaG-backg-link'>\n\n                        <div class='slicker-instaG-photoshadow'><\/div>\n                    <\/div>\n                        <div class=\"fts-insta-likes-comments-grab-popup\">\n\n                            <div class=\"fts-share-wrap\"><a href=\"javascript:;\" class=\"ft-gallery-link-popup\" title=\"Social Share Options\"><\/a><div class=\"ft-gallery-share-wrap\"><a href=\"https:\/\/www.facebook.com\/sharer\/sharer.php?u=https:\/\/www.instagram.com\/p\/Db7lI2eDXP6\/\" target=\"_blank\" rel=\"noreferrer\" class=\"ft-galleryfacebook-icon\" title=\"Share this post on Facebook\"><i class=\"fa fa-facebook-square\"><\/i><\/a><a href=\"https:\/\/twitter.com\/intent\/tweet?text=https:\/\/www.instagram.com\/p\/Db7lI2eDXP6\/+Des sourires, de belles rencontres\u2026 et des avis qui nous font vraiment plaisir.Cet \u00e9t\u00e9, vous \u00eates nombreux \u00e0 partir \u00e0 l\u2019aventure avec nous.\ud83e\udd29 Merci pour votre confiance, vos retours et tous ces beaux moments partag\u00e9s sur les pistes.Merci No\u00e9mie pour les photos \ud83d\ude4f\" target=\"_blank\" rel=\"noreferrer\" class=\"ft-gallerytwitter-icon\" title=\"Share this post on Twitter\"><i class=\"fa fa-twitter\"><\/i><\/a><a href=\"https:\/\/www.linkedin.com\/shareArticle?mini=true&amp;url=https:\/\/www.instagram.com\/p\/Db7lI2eDXP6\/\" target=\"_blank\" rel=\"noreferrer\" class=\"ft-gallerylinkedin-icon\" title=\"Share this post on Linkedin\"><i class=\"fa fa-linkedin\"><\/i><\/a><a href=\"mailto:?subject=Shared Link&amp;body=https:\/\/www.instagram.com\/p\/Db7lI2eDXP6\/ - Des sourires, de belles rencontres\u2026 et des avis qui nous font vraiment plaisir.Cet \u00e9t\u00e9, vous \u00eates nombreux \u00e0 partir \u00e0 l\u2019aventure avec nous.\ud83e\udd29 Merci pour votre confiance, vos retours et tous ces beaux moments partag\u00e9s sur les pistes.Merci No\u00e9mie pour les photos \ud83d\ude4f\" target=\"_blank\" rel=\"noreferrer\" class=\"ft-galleryemail-icon\" title=\"Share this post in your email\"><i class=\"fa fa-envelope\"><\/i><\/a><\/div><\/div>                        <\/div>\n                <\/div>\n                    <\/div>                                        <script>\n                    \/\/ This needs to load here below the feed to load properly for\n                    \/\/ Elementor page preview, and also some types of tabs that use js to load.\n                    document.addEventListener(\"DOMContentLoaded\", function(event) {\n                        if (typeof slickremixImageResizing === 'function') {\n                            slickremixImageResizing();\n                        }\n                        if (typeof ftsShare === 'function') {\n                            ftsShare();\n                        }\n                    });\n                <\/script>\n                <\/p>\t\t\t\t\t\t\t\t<\/div>\n\t\t\t\t<\/div>\n\t\t\t\t\t<\/div>\n\t\t<\/div>\n\t\t\t\t\t<\/div>\n\t\t<\/section>\n\t\t\t\t<\/div>","protected":false},"excerpt":{"rendered":"<p>Une mani\u00e8re unique d&#8217;explorer le Pays Basque Randonn\u00e9es en 4&#215;4 au Pays Basque D\u00e9couvrez Les exp\u00e9riences possibles Groupes et s\u00e9minaires en 4&#215;4 Nos guides embarquent [&hellip;]<\/p>\n","protected":false},"author":1,"featured_media":0,"parent":0,"menu_order":0,"comment_status":"closed","ping_status":"closed","template":"","meta":{"site-sidebar-layout":"no-sidebar","site-content-layout":"page-builder","ast-site-content-layout":"full-width-container","site-content-style":"unboxed","site-sidebar-style":"unboxed","ast-global-header-display":"","ast-banner-title-visibility":"","ast-main-header-display":"","ast-hfb-above-header-display":"","ast-hfb-below-header-display":"","ast-hfb-mobile-header-display":"","site-post-title":"disabled","ast-breadcrumbs-content":"","ast-featured-img":"disabled","footer-sml-layout":"","ast-disable-related-posts":"","theme-transparent-header-meta":"enabled","adv-header-id-meta":"","stick-header-meta":"","header-above-stick-meta":"","header-main-stick-meta":"","header-below-stick-meta":"","astra-migrate-meta-layouts":"set","ast-page-background-enabled":"default","ast-page-background-meta":{"desktop":{"background-color":"","background-image":"","background-repeat":"repeat","background-position":"center center","background-size":"auto","background-attachment":"scroll","background-type":"","background-media":"","overlay-type":"","overlay-color":"","overlay-opacity":"","overlay-gradient":""},"tablet":{"background-color":"","background-image":"","background-repeat":"repeat","background-position":"center center","background-size":"auto","background-attachment":"scroll","background-type":"","background-media":"","overlay-type":"","overlay-color":"","overlay-opacity":"","overlay-gradient":""},"mobile":{"background-color":"","background-image":"","background-repeat":"repeat","background-position":"center center","background-size":"auto","background-attachment":"scroll","background-type":"","background-media":"","overlay-type":"","overlay-color":"","overlay-opacity":"","overlay-gradient":""}},"ast-content-background-meta":{"desktop":{"background-color":"var(--ast-global-color-5)","background-image":"","background-repeat":"repeat","background-position":"center center","background-size":"auto","background-attachment":"scroll","background-type":"","background-media":"","overlay-type":"","overlay-color":"","overlay-opacity":"","overlay-gradient":""},"tablet":{"background-color":"var(--ast-global-color-5)","background-image":"","background-repeat":"repeat","background-position":"center center","background-size":"auto","background-attachment":"scroll","background-type":"","background-media":"","overlay-type":"","overlay-color":"","overlay-opacity":"","overlay-gradient":""},"mobile":{"background-color":"var(--ast-global-color-5)","background-image":"","background-repeat":"repeat","background-position":"center center","background-size":"auto","background-attachment":"scroll","background-type":"","background-media":"","overlay-type":"","overlay-color":"","overlay-opacity":"","overlay-gradient":""}},"footnotes":""},"class_list":["post-26","page","type-page","status-publish","hentry"],"yoast_head":"<!-- This site is optimized with the Yoast SEO Premium plugin v22.5 (Yoast SEO v28.4) - https:\/\/yoast.com\/product\/yoast-seo-premium-wordpress\/ -->\n<title>Pays Basque Exp\u00e9rience : Randonn\u00e9es 4x4 au Pays Basque<\/title>\n<meta name=\"description\" content=\"D\u00e9couvrez le Pays Basque autrement en 4x4 : Spots secrets, histoire, culture, et superbes paysages vous attendent.\" \/>\n<meta name=\"robots\" content=\"index, follow, max-snippet:-1, max-image-preview:large, max-video-preview:-1\" \/>\n<link rel=\"canonical\" href=\"https:\/\/www.pays-basque-experience.com\/en\/\" \/>\n<meta property=\"og:locale\" content=\"en_GB\" \/>\n<meta property=\"og:type\" content=\"article\" \/>\n<meta property=\"og:title\" content=\"Pays Basque Exp\u00e9rience\u00a0: Randonn\u00e9es 4x4 au Pays Basque\" \/>\n<meta property=\"og:description\" content=\"D\u00e9couvrez le Pays Basque autrement en 4x4 : Spots secrets, histoire, culture, et superbes paysages vous attendent.\" \/>\n<meta property=\"og:url\" content=\"https:\/\/www.pays-basque-experience.com\/en\/\" \/>\n<meta property=\"og:site_name\" content=\"Pays Basque Experience\" \/>\n<meta property=\"article:modified_time\" content=\"2026-06-21T09:34:15+00:00\" \/>\n<meta property=\"og:image\" content=\"https:\/\/www.pays-basque-experience.com\/wp-content\/uploads\/elementor\/thumbs\/20240126_105838-qnfapku2gsq06k2n2zgi0t0xe7w04t92qmeoldxaqo.jpg\" \/>\n<meta name=\"twitter:card\" content=\"summary_large_image\" \/>\n<meta name=\"twitter:label1\" content=\"Estimated reading time\" \/>\n\t<meta name=\"twitter:data1\" content=\"6 minutes\" \/>\n<script type=\"application\/ld+json\" class=\"yoast-schema-graph\">{\"@context\":\"https:\\\/\\\/schema.org\",\"@graph\":[{\"@type\":\"WebPage\",\"@id\":\"https:\\\/\\\/www.pays-basque-experience.com\\\/\",\"url\":\"https:\\\/\\\/www.pays-basque-experience.com\\\/\",\"name\":\"Pays Basque Exp\u00e9rience : Randonn\u00e9es 4x4 au Pays Basque\",\"isPartOf\":{\"@id\":\"https:\\\/\\\/www.pays-basque-experience.com\\\/#website\"},\"primaryImageOfPage\":{\"@id\":\"https:\\\/\\\/www.pays-basque-experience.com\\\/#primaryimage\"},\"image\":{\"@id\":\"https:\\\/\\\/www.pays-basque-experience.com\\\/#primaryimage\"},\"thumbnailUrl\":\"https:\\\/\\\/www.pays-basque-experience.com\\\/wp-content\\\/uploads\\\/elementor\\\/thumbs\\\/20240126_105838-qnfapku2gsq06k2n2zgi0t0xe7w04t92qmeoldxaqo.jpg\",\"datePublished\":\"2018-11-27T09:16:54+00:00\",\"dateModified\":\"2026-06-21T09:34:15+00:00\",\"description\":\"D\u00e9couvrez le Pays Basque autrement en 4x4 : Spots secrets, histoire, culture, et superbes paysages vous attendent.\",\"breadcrumb\":{\"@id\":\"https:\\\/\\\/www.pays-basque-experience.com\\\/#breadcrumb\"},\"inLanguage\":\"en-GB\",\"potentialAction\":[{\"@type\":\"ReadAction\",\"target\":[\"https:\\\/\\\/www.pays-basque-experience.com\\\/\"]}]},{\"@type\":\"ImageObject\",\"inLanguage\":\"en-GB\",\"@id\":\"https:\\\/\\\/www.pays-basque-experience.com\\\/#primaryimage\",\"url\":\"https:\\\/\\\/www.pays-basque-experience.com\\\/wp-content\\\/uploads\\\/elementor\\\/thumbs\\\/20240126_105838-qnfapku2gsq06k2n2zgi0t0xe7w04t92qmeoldxaqo.jpg\",\"contentUrl\":\"https:\\\/\\\/www.pays-basque-experience.com\\\/wp-content\\\/uploads\\\/elementor\\\/thumbs\\\/20240126_105838-qnfapku2gsq06k2n2zgi0t0xe7w04t92qmeoldxaqo.jpg\"},{\"@type\":\"BreadcrumbList\",\"@id\":\"https:\\\/\\\/www.pays-basque-experience.com\\\/#breadcrumb\",\"itemListElement\":[{\"@type\":\"ListItem\",\"position\":1,\"name\":\"Accueil\",\"item\":\"https:\\\/\\\/www.pays-basque-experience.com\\\/\"},{\"@type\":\"ListItem\",\"position\":2,\"name\":\"Pays Basque Exp\u00e9rience\u00a0: Randonn\u00e9es 4&#215;4 au Pays Basque\"}]},{\"@type\":\"WebSite\",\"@id\":\"https:\\\/\\\/www.pays-basque-experience.com\\\/#website\",\"url\":\"https:\\\/\\\/www.pays-basque-experience.com\\\/\",\"name\":\"Pays Basque Experience\",\"description\":\"Aventures au Pays Basque - Rando 4x4 pays basque.\",\"publisher\":{\"@id\":\"https:\\\/\\\/www.pays-basque-experience.com\\\/#organization\"},\"potentialAction\":[{\"@type\":\"SearchAction\",\"target\":{\"@type\":\"EntryPoint\",\"urlTemplate\":\"https:\\\/\\\/www.pays-basque-experience.com\\\/?s={search_term_string}\"},\"query-input\":{\"@type\":\"PropertyValueSpecification\",\"valueRequired\":true,\"valueName\":\"search_term_string\"}}],\"inLanguage\":\"en-GB\"},{\"@type\":\"Organization\",\"@id\":\"https:\\\/\\\/www.pays-basque-experience.com\\\/#organization\",\"name\":\"Pays Basque Experience\",\"url\":\"https:\\\/\\\/www.pays-basque-experience.com\\\/\",\"logo\":{\"@type\":\"ImageObject\",\"inLanguage\":\"en-GB\",\"@id\":\"https:\\\/\\\/www.pays-basque-experience.com\\\/#\\\/schema\\\/logo\\\/image\\\/\",\"url\":\"https:\\\/\\\/www.pays-basque-experience.com\\\/wp-content\\\/uploads\\\/2021\\\/12\\\/cropped-logo-21A1.png\",\"contentUrl\":\"https:\\\/\\\/www.pays-basque-experience.com\\\/wp-content\\\/uploads\\\/2021\\\/12\\\/cropped-logo-21A1.png\",\"width\":300,\"height\":300,\"caption\":\"Pays Basque Experience\"},\"image\":{\"@id\":\"https:\\\/\\\/www.pays-basque-experience.com\\\/#\\\/schema\\\/logo\\\/image\\\/\"}}]}<\/script>\n<!-- \/ Yoast SEO Premium plugin. -->","yoast_head_json":{"title":"Pays Basque Exp\u00e9rience : Randonn\u00e9es 4x4 au Pays Basque","description":"D\u00e9couvrez le Pays Basque autrement en 4x4 : Spots secrets, histoire, culture, et superbes paysages vous attendent.","robots":{"index":"index","follow":"follow","max-snippet":"max-snippet:-1","max-image-preview":"max-image-preview:large","max-video-preview":"max-video-preview:-1"},"canonical":"https:\/\/www.pays-basque-experience.com\/en\/","og_locale":"en_GB","og_type":"article","og_title":"Pays Basque Exp\u00e9rience\u00a0: Randonn\u00e9es 4x4 au Pays Basque","og_description":"D\u00e9couvrez le Pays Basque autrement en 4x4 : Spots secrets, histoire, culture, et superbes paysages vous attendent.","og_url":"https:\/\/www.pays-basque-experience.com\/en\/","og_site_name":"Pays Basque Experience","article_modified_time":"2026-06-21T09:34:15+00:00","og_image":[{"url":"https:\/\/www.pays-basque-experience.com\/wp-content\/uploads\/elementor\/thumbs\/20240126_105838-qnfapku2gsq06k2n2zgi0t0xe7w04t92qmeoldxaqo.jpg","type":"","width":"","height":""}],"twitter_card":"summary_large_image","twitter_misc":{"Estimated reading time":"6 minutes"},"schema":{"@context":"https:\/\/schema.org","@graph":[{"@type":"WebPage","@id":"https:\/\/www.pays-basque-experience.com\/","url":"https:\/\/www.pays-basque-experience.com\/","name":"Pays Basque Exp\u00e9rience : Randonn\u00e9es 4x4 au Pays Basque","isPartOf":{"@id":"https:\/\/www.pays-basque-experience.com\/#website"},"primaryImageOfPage":{"@id":"https:\/\/www.pays-basque-experience.com\/#primaryimage"},"image":{"@id":"https:\/\/www.pays-basque-experience.com\/#primaryimage"},"thumbnailUrl":"https:\/\/www.pays-basque-experience.com\/wp-content\/uploads\/elementor\/thumbs\/20240126_105838-qnfapku2gsq06k2n2zgi0t0xe7w04t92qmeoldxaqo.jpg","datePublished":"2018-11-27T09:16:54+00:00","dateModified":"2026-06-21T09:34:15+00:00","description":"D\u00e9couvrez le Pays Basque autrement en 4x4 : Spots secrets, histoire, culture, et superbes paysages vous attendent.","breadcrumb":{"@id":"https:\/\/www.pays-basque-experience.com\/#breadcrumb"},"inLanguage":"en-GB","potentialAction":[{"@type":"ReadAction","target":["https:\/\/www.pays-basque-experience.com\/"]}]},{"@type":"ImageObject","inLanguage":"en-GB","@id":"https:\/\/www.pays-basque-experience.com\/#primaryimage","url":"https:\/\/www.pays-basque-experience.com\/wp-content\/uploads\/elementor\/thumbs\/20240126_105838-qnfapku2gsq06k2n2zgi0t0xe7w04t92qmeoldxaqo.jpg","contentUrl":"https:\/\/www.pays-basque-experience.com\/wp-content\/uploads\/elementor\/thumbs\/20240126_105838-qnfapku2gsq06k2n2zgi0t0xe7w04t92qmeoldxaqo.jpg"},{"@type":"BreadcrumbList","@id":"https:\/\/www.pays-basque-experience.com\/#breadcrumb","itemListElement":[{"@type":"ListItem","position":1,"name":"Accueil","item":"https:\/\/www.pays-basque-experience.com\/"},{"@type":"ListItem","position":2,"name":"Pays Basque Exp\u00e9rience\u00a0: Randonn\u00e9es 4&#215;4 au Pays Basque"}]},{"@type":"WebSite","@id":"https:\/\/www.pays-basque-experience.com\/#website","url":"https:\/\/www.pays-basque-experience.com\/","name":"Pays Basque Experience","description":"Aventures au Pays Basque - Rando 4x4 pays basque.","publisher":{"@id":"https:\/\/www.pays-basque-experience.com\/#organization"},"potentialAction":[{"@type":"SearchAction","target":{"@type":"EntryPoint","urlTemplate":"https:\/\/www.pays-basque-experience.com\/?s={search_term_string}"},"query-input":{"@type":"PropertyValueSpecification","valueRequired":true,"valueName":"search_term_string"}}],"inLanguage":"en-GB"},{"@type":"Organization","@id":"https:\/\/www.pays-basque-experience.com\/#organization","name":"Pays Basque Experience","url":"https:\/\/www.pays-basque-experience.com\/","logo":{"@type":"ImageObject","inLanguage":"en-GB","@id":"https:\/\/www.pays-basque-experience.com\/#\/schema\/logo\/image\/","url":"https:\/\/www.pays-basque-experience.com\/wp-content\/uploads\/2021\/12\/cropped-logo-21A1.png","contentUrl":"https:\/\/www.pays-basque-experience.com\/wp-content\/uploads\/2021\/12\/cropped-logo-21A1.png","width":300,"height":300,"caption":"Pays Basque Experience"},"image":{"@id":"https:\/\/www.pays-basque-experience.com\/#\/schema\/logo\/image\/"}}]}},"_links":{"self":[{"href":"https:\/\/www.pays-basque-experience.com\/en\/wp-json\/wp\/v2\/pages\/26","targetHints":{"allow":["GET"]}}],"collection":[{"href":"https:\/\/www.pays-basque-experience.com\/en\/wp-json\/wp\/v2\/pages"}],"about":[{"href":"https:\/\/www.pays-basque-experience.com\/en\/wp-json\/wp\/v2\/types\/page"}],"author":[{"embeddable":true,"href":"https:\/\/www.pays-basque-experience.com\/en\/wp-json\/wp\/v2\/users\/1"}],"replies":[{"embeddable":true,"href":"https:\/\/www.pays-basque-experience.com\/en\/wp-json\/wp\/v2\/comments?post=26"}],"version-history":[{"count":693,"href":"https:\/\/www.pays-basque-experience.com\/en\/wp-json\/wp\/v2\/pages\/26\/revisions"}],"predecessor-version":[{"id":6979,"href":"https:\/\/www.pays-basque-experience.com\/en\/wp-json\/wp\/v2\/pages\/26\/revisions\/6979"}],"wp:attachment":[{"href":"https:\/\/www.pays-basque-experience.com\/en\/wp-json\/wp\/v2\/media?parent=26"}],"curies":[{"name":"wp","href":"https:\/\/api.w.org\/{rel}","templated":true}]}}